{"id":2791,"date":"2024-05-10T18:12:03","date_gmt":"2024-05-10T16:12:03","guid":{"rendered":"https:\/\/foundationmetaverse.eu\/metaverse-de-leducation"},"modified":"2025-01-29T14:26:05","modified_gmt":"2025-01-29T13:26:05","slug":"metaverse-de-leducation","status":"publish","type":"page","link":"https:\/\/foundationmetaverse.eu\/fr\/metaverse-de-leducation","title":{"rendered":"Notre initiative m\u00e9taverse sur l&rsquo;\u00e9ducation : promouvoir la comp\u00e9tence num\u00e9rique, renforcer les soft skills &#8211; pour une g\u00e9n\u00e9ration d&rsquo;avenir en Europe !"},"content":{"rendered":"\t\t<div data-elementor-type=\"wp-page\" data-elementor-id=\"2791\" class=\"elementor elementor-2791\">\n\t\t\t\t\t\t<section class=\"elementor-section elementor-top-section elementor-element elementor-element-6d00052e elementor-section-boxed elementor-section-height-default elementor-section-height-default\" data-id=\"6d00052e\" data-element_type=\"section\" data-e-type=\"section\">\n\t\t\t\t\t\t<div class=\"elementor-container elementor-column-gap-default\">\n\t\t\t\t\t<div class=\"elementor-column elementor-col-100 elementor-top-column elementor-element elementor-element-7f1a8219\" data-id=\"7f1a8219\" data-element_type=\"column\" data-e-type=\"column\">\n\t\t\t<div class=\"elementor-widget-wrap elementor-element-populated\">\n\t\t\t\t\t\t<div class=\"elementor-element elementor-element-2c6f205a elementor-widget elementor-widget-text-editor\" data-id=\"2c6f205a\" data-element_type=\"widget\" data-e-type=\"widget\" data-widget_type=\"text-editor.default\">\n\t\t\t\t<div class=\"elementor-widget-container\">\n\t\t\t\t\t\t\t\t\t<p>\u00c9tant donn\u00e9 que nous observons une augmentation constante des technologies telles que l&rsquo;intelligence artificielle, le m\u00e9tavers et d&rsquo;autres innovations, qui se poursuivra de mani\u00e8re exponentielle, il est crucial, dans le syst\u00e8me \u00e9ducatif, de pr\u00e9parer nos enfants et nos jeunes \u00e0 ces \u00e9volutions. Face \u00e0 la num\u00e9risation rapide et \u00e0 l&rsquo;\u00e9volution du monde du travail, ils doivent d&rsquo;une part apprendre \u00e0 utiliser ces technologies de mani\u00e8re comp\u00e9tente et responsable, et d&rsquo;autre part d\u00e9velopper des comp\u00e9tences importantes telles que l&rsquo;intelligence \u00e9motionnelle, la capacit\u00e9 d&rsquo;adaptation, l&#8217;empathie, l&rsquo;int\u00e9grit\u00e9 et la responsabilit\u00e9 \u00e9thique. <strong> Dans un avenir qui ne sera pas seulement synonyme d&rsquo;innovation technologique, mais aussi de d\u00e9fis \u00e9thiques, l&rsquo;\u00e9quilibre entre le progr\u00e8s technique et la responsabilit\u00e9 sociale sera d&rsquo;une importance capitale.<\/strong><\/p>\n<p>C&rsquo;est l\u00e0 que notre fondation intervient avec l&rsquo;initiative \u00c9ducation-Metaverse : D&rsquo;une part, <strong>nous encourageons la compr\u00e9hension et l&rsquo;utilisation des technologies num\u00e9riques et, d&rsquo;autre part, nous accordons une grande importance \u00e0 la formation des comp\u00e9tences non techniques des adolescents et des jeunes adultes en Europe. <\/strong>Gr\u00e2ce \u00e0 cette double approche, nous voulons nous assurer que la g\u00e9n\u00e9ration \u00e0 venir sera non seulement en mesure de s&rsquo;orienter dans un monde hautement num\u00e9ris\u00e9, mais aussi de le fa\u00e7onner de mani\u00e8re active et responsable. <\/p>\n<p><strong>Notre objectif est de pr\u00e9parer la nouvelle g\u00e9n\u00e9ration \u00e0 un avenir dans lequel la comp\u00e9tence technologique va de pair avec la responsabilit\u00e9 \u00e9thique et les valeurs sociales.<\/strong> Ces th\u00e8mes seront essentiels \u00e0 l&rsquo;avenir pour r\u00e9pondre aux d\u00e9fis d&rsquo;une soci\u00e9t\u00e9 et d&rsquo;un monde du travail en pleine mutation.<\/p>\n<h2><strong>Metaverse et l&rsquo;intelligence artificielle dans l&rsquo;\u00e9ducation : Saisir les opportunit\u00e9s, relever les d\u00e9fis<\/strong><\/h2>\n<p>E<strong>n collaboration avec des associations \u00e9ducatives de premier plan telles que l&rsquo;Association allemande des professeurs de coll\u00e8ge (VDR), le Kinder- und Jugendhilfe-Verbund | KJSH-Stiftung, le Verband Bildung und Erziehung e.V. (VBE) ainsi que l&rsquo;Association f\u00e9d\u00e9rale des enseignants pour la formation professionnelle, nous fa\u00e7onnons l&rsquo;avenir de l&rsquo;apprentissage : <\/strong>gr\u00e2ce \u00e0 des approches innovantes dans le m\u00e9tavers et \u00e0 l&rsquo;utilisation de l&rsquo;intelligence artificielle, nous voulons exploiter pleinement les opportunit\u00e9s offertes par la num\u00e9risation dans le domaine de l&rsquo;\u00e9ducation tout en abordant les d\u00e9fis \u00e9thiques de mani\u00e8re responsable. Notre objectif est de promouvoir un paysage \u00e9ducatif \u00e9quitable, transparent et s\u00fbr, qui r\u00e9ponde aux besoins de tous les apprenants. <\/p>\n\t\t\t\t\t\t\t\t<\/div>\n\t\t\t\t<\/div>\n\t\t\t\t<div class=\"elementor-element elementor-element-72d0b83 elementor-widget elementor-widget-spacer\" data-id=\"72d0b83\" data-element_type=\"widget\" data-e-type=\"widget\" data-widget_type=\"spacer.default\">\n\t\t\t\t<div class=\"elementor-widget-container\">\n\t\t\t\t\t\t\t<div class=\"elementor-spacer\">\n\t\t\t<div class=\"elementor-spacer-inner\"><\/div>\n\t\t<\/div>\n\t\t\t\t\t\t<\/div>\n\t\t\t\t<\/div>\n\t\t\t\t\t<\/div>\n\t\t<\/div>\n\t\t\t\t\t<\/div>\n\t\t<\/section>\n\t\t\t\t<section class=\"elementor-section elementor-top-section elementor-element elementor-element-2dcd608 elementor-section-boxed elementor-section-height-default elementor-section-height-default\" data-id=\"2dcd608\" data-element_type=\"section\" data-e-type=\"section\">\n\t\t\t\t\t\t<div class=\"elementor-container elementor-column-gap-default\">\n\t\t\t\t\t<div class=\"elementor-column elementor-col-50 elementor-top-column elementor-element elementor-element-dc28c1a\" data-id=\"dc28c1a\" data-element_type=\"column\" data-e-type=\"column\">\n\t\t\t<div class=\"elementor-widget-wrap elementor-element-populated\">\n\t\t\t\t\t\t<div class=\"elementor-element elementor-element-7fe7a97 elementor-widget elementor-widget-text-editor\" data-id=\"7fe7a97\" data-element_type=\"widget\" data-e-type=\"widget\" data-widget_type=\"text-editor.default\">\n\t\t\t\t<div class=\"elementor-widget-container\">\n\t\t\t\t\t\t\t\t\t<div class=\"kt-blocks-info-box-media-container\">\n<div class=\"kt-blocks-info-box-media kt-info-media-animate-none\">\n<div class=\"kadence-info-box-image-inner-intrisic-container\">\n<div class=\"kadence-info-box-image-intrisic kt-info-animate-none\">\n<div class=\"kadence-info-box-image-inner-intrisic\"><img decoding=\"async\" class=\"kt-info-box-image wp-image-2994\" style=\"border-width: medium; border-style: none;\" src=\"https:\/\/foundationmetaverse.eu\/wp-content\/uploads\/2024\/08\/logo-bvlb.png\" alt=\"\" width=\"164\" height=\"91\"><\/div>\n<\/div>\n<\/div>\n<\/div>\n<\/div>\n<div class=\"kt-infobox-textcontent\">\n<p class=\"kt-blocks-info-box-text\">En partenariat avec l&rsquo;Association f\u00e9d\u00e9rale des enseignants de la formation professionnelle (Bundesverband der Lehrkr\u00e4fte f\u00fcr Berufsbildung e.V.)<\/p>\n<\/div>\n\t\t\t\t\t\t\t\t<\/div>\n\t\t\t\t<\/div>\n\t\t\t\t\t<\/div>\n\t\t<\/div>\n\t\t\t\t<div class=\"elementor-column elementor-col-50 elementor-top-column elementor-element elementor-element-17d1c55\" data-id=\"17d1c55\" data-element_type=\"column\" data-e-type=\"column\">\n\t\t\t<div class=\"elementor-widget-wrap elementor-element-populated\">\n\t\t\t\t\t\t<div class=\"elementor-element elementor-element-b0ef703 elementor-widget elementor-widget-text-editor\" data-id=\"b0ef703\" data-element_type=\"widget\" data-e-type=\"widget\" data-widget_type=\"text-editor.default\">\n\t\t\t\t<div class=\"elementor-widget-container\">\n\t\t\t\t\t\t\t\t\t<div><img decoding=\"async\" style=\"border-width: medium; border-style: none;\" src=\"https:\/\/foundationmetaverse.eu\/wp-content\/uploads\/2024\/08\/kjsh-logo-300x137.png\" alt=\"\" width=\"166\" height=\"76\"><\/div>\n<div>\n<p>En partenariat avec le Kinder- und Jugendhilfe-Verbund | Fondation KJSH<\/p>\n<\/div>\n\t\t\t\t\t\t\t\t<\/div>\n\t\t\t\t<\/div>\n\t\t\t\t\t<\/div>\n\t\t<\/div>\n\t\t\t\t\t<\/div>\n\t\t<\/section>\n\t\t\t\t<section class=\"elementor-section elementor-top-section elementor-element elementor-element-023f5ed elementor-section-boxed elementor-section-height-default elementor-section-height-default\" data-id=\"023f5ed\" data-element_type=\"section\" data-e-type=\"section\">\n\t\t\t\t\t\t<div class=\"elementor-container elementor-column-gap-default\">\n\t\t\t\t\t<div class=\"elementor-column elementor-col-50 elementor-top-column elementor-element elementor-element-a144ab3\" data-id=\"a144ab3\" data-element_type=\"column\" data-e-type=\"column\">\n\t\t\t<div class=\"elementor-widget-wrap elementor-element-populated\">\n\t\t\t\t\t\t<div class=\"elementor-element elementor-element-877b941 elementor-widget elementor-widget-text-editor\" data-id=\"877b941\" data-element_type=\"widget\" data-e-type=\"widget\" data-widget_type=\"text-editor.default\">\n\t\t\t\t<div class=\"elementor-widget-container\">\n\t\t\t\t\t\t\t\t\t<div><img decoding=\"async\" style=\"border-width: medium; border-style: none;\" src=\"https:\/\/foundationmetaverse.eu\/wp-content\/uploads\/2024\/09\/vbe.jpg\" alt=\"\" width=\"165\" height=\"101\"><\/div>\n<p><span style=\"font-family: var( --e-global-typography-text-font-family ), Sans-serif;\">En partenariat avec VBE.<br \/>\nVerband Bildung und Erziehung e.V. (association pour l&rsquo;\u00e9ducation) <\/span><\/p>\n\t\t\t\t\t\t\t\t<\/div>\n\t\t\t\t<\/div>\n\t\t\t\t\t<\/div>\n\t\t<\/div>\n\t\t\t\t<div class=\"elementor-column elementor-col-50 elementor-top-column elementor-element elementor-element-b1d80c7\" data-id=\"b1d80c7\" data-element_type=\"column\" data-e-type=\"column\">\n\t\t\t<div class=\"elementor-widget-wrap elementor-element-populated\">\n\t\t\t\t\t\t<div class=\"elementor-element elementor-element-c2d2f75 elementor-widget elementor-widget-text-editor\" data-id=\"c2d2f75\" data-element_type=\"widget\" data-e-type=\"widget\" data-widget_type=\"text-editor.default\">\n\t\t\t\t<div class=\"elementor-widget-container\">\n\t\t\t\t\t\t\t\t\t<div class=\"kt-blocks-info-box-media-container\">\n<div class=\"kt-blocks-info-box-media kt-info-media-animate-none\">\n<div class=\"kadence-info-box-image-inner-intrisic-container\">\n<div class=\"kadence-info-box-image-intrisic kt-info-animate-none\">\n<div class=\"kadence-info-box-image-inner-intrisic\"><img loading=\"lazy\" decoding=\"async\" class=\"kt-info-box-image alignnone wp-image-3094\" style=\"border-width: medium; border-style: none;\" src=\"https:\/\/foundationmetaverse.eu\/wp-content\/uploads\/2024\/08\/vdr.jpg\" alt=\"\" width=\"165\" height=\"83\" srcset=\"https:\/\/foundationmetaverse.eu\/wp-content\/uploads\/2024\/08\/vdr.jpg 732w, https:\/\/foundationmetaverse.eu\/wp-content\/uploads\/2024\/08\/vdr-300x150.jpg 300w\" sizes=\"(max-width: 165px) 100vw, 165px\" \/><\/div>\n<\/div>\n<\/div>\n<\/div>\n<\/div>\n<div class=\"kt-infobox-textcontent\">\n<p class=\"kt-blocks-info-box-text\">En partenariat avec l&rsquo;Association allemande des professeurs de l&rsquo;enseignement secondaire (VDR)<\/p>\n<\/div>\n\t\t\t\t\t\t\t\t<\/div>\n\t\t\t\t<\/div>\n\t\t\t\t\t<\/div>\n\t\t<\/div>\n\t\t\t\t\t<\/div>\n\t\t<\/section>\n\t\t\t\t<section class=\"elementor-section elementor-top-section elementor-element elementor-element-f8c7d1d elementor-section-boxed elementor-section-height-default elementor-section-height-default\" data-id=\"f8c7d1d\" data-element_type=\"section\" data-e-type=\"section\">\n\t\t\t\t\t\t<div class=\"elementor-container elementor-column-gap-default\">\n\t\t\t\t\t<div class=\"elementor-column elementor-col-100 elementor-top-column elementor-element elementor-element-57b5f31\" data-id=\"57b5f31\" data-element_type=\"column\" data-e-type=\"column\">\n\t\t\t<div class=\"elementor-widget-wrap elementor-element-populated\">\n\t\t\t\t\t\t<div class=\"elementor-element elementor-element-5ed01b0 elementor-widget elementor-widget-spacer\" data-id=\"5ed01b0\" data-element_type=\"widget\" data-e-type=\"widget\" data-widget_type=\"spacer.default\">\n\t\t\t\t<div class=\"elementor-widget-container\">\n\t\t\t\t\t\t\t<div class=\"elementor-spacer\">\n\t\t\t<div class=\"elementor-spacer-inner\"><\/div>\n\t\t<\/div>\n\t\t\t\t\t\t<\/div>\n\t\t\t\t<\/div>\n\t\t\t\t<div class=\"elementor-element elementor-element-64cb9e6 elementor-widget elementor-widget-text-editor\" data-id=\"64cb9e6\" data-element_type=\"widget\" data-e-type=\"widget\" data-widget_type=\"text-editor.default\">\n\t\t\t\t<div class=\"elementor-widget-container\">\n\t\t\t\t\t\t\t\t\t<h2>La num\u00e9risation de l&rsquo;\u00e9cole, de la formation professionnelle et de l&rsquo;aide aux enfants et aux jeunes est confront\u00e9e \u00e0 des d\u00e9fis majeurs<\/h2>\n<p>Les \u00e9coles, les \u00e9tablissements de formation professionnelle et les institutions d&rsquo;aide \u00e0 l&rsquo;enfance et \u00e0 la jeunesse ont souvent des difficult\u00e9s \u00e0 investir dans les technologies num\u00e9riques et \u00e0 les utiliser de mani\u00e8re appropri\u00e9e. Au niveau national, il manque environ 11% des enseignants dans les \u00e9coles. Les outils et les ressources de haute qualit\u00e9 pour l&rsquo;utilisation de l&rsquo;intelligence artificielle et des technologies Metaverse, qui pourraient rem\u00e9dier \u00e0 ce manque, sont souvent inexistants. 78% des enseignants font \u00e9tat d&rsquo;un manque de formation et de moyens techniques pour int\u00e9grer ces technologies. Selon McKinsey, jusqu&rsquo;\u00e0 375 millions d&#8217;emplois dans le monde pourraient \u00eatre am\u00e9lior\u00e9s par les technologies d&rsquo;IA d&rsquo;ici 2030, ce qui ouvre \u00e9galement de nouvelles possibilit\u00e9s dans le domaine de l&rsquo;\u00e9ducation. Ces avanc\u00e9es permettraient de pallier la p\u00e9nurie d&rsquo;enseignants, de proposer des exp\u00e9riences d&rsquo;apprentissage personnalis\u00e9es et de relever les d\u00e9fis li\u00e9s \u00e0 la protection des donn\u00e9es.<\/p>\n<p><span style=\"color: #64686d; font-family: Lato, sans-serif; font-size: 36px; font-weight: bold;\">Metaverse et l&rsquo;intelligence artificielle (IA) dans l&rsquo;\u00e9ducation<\/span><\/p>\n<p>L&rsquo;int\u00e9gration de Metaverse et de l&rsquo;intelligence artificielle (IA) dans les environnements d&rsquo;apprentissage ouvre une nouvelle \u00e8re d&rsquo;apprentissage et <strong> offre des opportunit\u00e9s consid\u00e9rables pour am\u00e9liorer la qualit\u00e9 de l&rsquo;\u00e9ducation<\/strong>. Toutefois, elle s&rsquo;accompagne \u00e9galement <strong>d&rsquo;importants d\u00e9fis \u00e9thiques et de protection des donn\u00e9es <\/strong> qui doivent \u00eatre soigneusement abord\u00e9s.<\/p>\n<p>L<strong>&lsquo;\u00e9galit\u00e9 d&rsquo;acc\u00e8s \u00e0 ces technologies<\/strong> est essentielle pour \u00e9viter la fracture num\u00e9rique et faire en sorte que tous les apprenants puissent en b\u00e9n\u00e9ficier, ind\u00e9pendamment de leurs conditions individuelles. La protection de la vie priv\u00e9e est au premier plan, car la surveillance accrue et l&rsquo;utilisation abusive potentielle des donn\u00e9es suscitent de s\u00e9rieuses inqui\u00e9tudes.<\/p>\n<p><strong>Les syst\u00e8mes d&rsquo;IA pourraient limiter l&rsquo;autonomie des apprenants et renforcer les pr\u00e9jug\u00e9s existants, ce qui pourrait entra\u00eener <\/strong> des biais et des discriminations. De plus, le r\u00f4le des enseignants pourrait \u00eatre modifi\u00e9, ce qui pourrait influencer le contact humain et la qualit\u00e9 de l&rsquo;\u00e9ducation.<\/p>\n<p>En mati\u00e8re de protection des donn\u00e9es, il est essentiel de garantir <strong>la transparence de la collecte et de l&rsquo;utilisation des donn\u00e9es<\/strong>, ainsi que la s\u00e9curit\u00e9 des donn\u00e9es stock\u00e9es. Un consentement clair des personnes concern\u00e9es et des mesures de protection compl\u00e8tes sont n\u00e9cessaires pour pr\u00e9server leurs droits. Le respect des lois en vigueur sur la protection des donn\u00e9es, telles que le r\u00e8glement g\u00e9n\u00e9ral sur la protection des donn\u00e9es (RGPD), doit \u00eatre garanti.<\/p>\n<p><strong>Pour relever ces d\u00e9fis, une \u00e9troite collaboration entre tous les acteurs &#8211; des d\u00e9veloppeurs de technologies aux d\u00e9cideurs politiques en passant par les \u00e9tablissements d&rsquo;enseignement &#8211; est n\u00e9cessaire. <\/strong>Seules des solutions responsables et \u00e9quitables permettront d&rsquo;exploiter pleinement le potentiel de ces technologies sans mettre en p\u00e9ril les droits et le bien-\u00eatre des apprenants et des enseignants.<\/p>\n<h2>Utilisation des meilleures pratiques \u00e9prouv\u00e9es dans le monde de l&rsquo;entreprise<\/h2>\n<p>Nous avons acc\u00e8s \u00e0 un vaste \u00e9cosyst\u00e8me d&rsquo;entreprises et de fournisseurs de solutions. Le transfert des meilleures pratiques \u00e9prouv\u00e9es dans l&rsquo;environnement des entreprises vers les \u00e9coles et les centres de formation professionnelle permet de s&rsquo;appuyer sur des connaissances \u00e9tendues et des m\u00e9thodes \u00e9prouv\u00e9es. Les lieux d&rsquo;apprentissage peuvent b\u00e9n\u00e9ficier \u00e0 la fois de l&rsquo;IA et de la r\u00e9alit\u00e9 virtuelle : Les apprenants suivent une formation en RV trois fois plus rapidement, se sentent 275% plus s\u00fbrs d&rsquo;appliquer ce qu&rsquo;ils ont appris et sont 3,75 fois plus \u00e9motionnellement connect\u00e9s au contenu (selon l&rsquo;\u00e9tude PwC).<\/p>\n<h2><u>Notre d\u00e9marche<\/u><\/h2>\n<div>\n<div>\n<div>\n<div>\n<div>\n<div> <\/div>\n<\/div>\n<div>\n<h2><strong><strong><strong><strong>1. renforcement de l&rsquo;\u00e9cole s\u00e9lectionn\u00e9e<\/strong><\/strong><\/strong><\/strong>, \u00c9coles professionnelles et \u00e9tablissements mod\u00e8les<\/h2>\n<p>La Fondation Metaverse Europe a pour objectif de renforcer les \u00e9coles s\u00e9lectionn\u00e9es par l&rsquo;int\u00e9gration cibl\u00e9e des technologies Metaverse. Pour ce faire, nous nous appuyons sur des approches innovantes et des technologies de pointe afin d&rsquo;enrichir et d&rsquo;\u00e9largir l&rsquo;environnement d&rsquo;apprentissage dans ces \u00e9coles. En mettant en \u0153uvre les technologies Metaverse, nous souhaitons non seulement optimiser les processus d&rsquo;enseignement et d&rsquo;apprentissage, mais aussi accro\u00eetre la visibilit\u00e9 de ces \u00e9coles et les mettre en avant dans le paysage \u00e9ducatif en tant qu&rsquo;\u00e9coles mod\u00e8les. Nos efforts se concentrent sur le soutien des \u00e9coles phares afin qu&rsquo;elles puissent continuer \u00e0 jouer un r\u00f4le de premier plan dans l&rsquo;\u00e9laboration de l&rsquo;\u00e9ducation de demain.<\/p>\n<\/div>\n<\/div>\n<\/div>\n<\/div>\n<\/div>\n<div>\n<div>\n<div>\n<div>\n<div>\n<div> <\/div>\n<\/div>\n<div>\n<h2><strong>2. formation continue des enseignants<\/strong> dans le cadre de masterclasses<\/h2>\n<p>La formation continue des enseignants est essentielle pour s&rsquo;assurer qu&rsquo;ils sont au courant des approches p\u00e9dagogiques et des technologies les plus r\u00e9centes. Gr\u00e2ce \u00e0 une formation continue cibl\u00e9e, les enseignants peuvent am\u00e9liorer leurs m\u00e9thodes d&rsquo;enseignement et r\u00e9pondre \u00e0 l&rsquo;\u00e9volution des besoins des apprenants. Nous proposons des masterclasses pour soutenir la formation continue des enseignants et leur donner la possibilit\u00e9 d&rsquo;\u00e9largir leurs comp\u00e9tences professionnelles et d&rsquo;int\u00e9grer des concepts d&rsquo;enseignement innovants dans leurs cours.<\/p>\n<p>Vous trouverez ici de plus amples informations sur les masterclasses Foundation Metaverse Europe: <a href=\"https:\/\/masterclasses.bildungsmetaverse.de\">https:\/\/masterclasses.bildungsmetaverse.de<\/a>.<\/p>\n<\/div>\n<\/div>\n<\/div>\n<\/div>\n<\/div>\n<div>\n<div>\n<div>\n<div>\n<div>\n<div> <\/div>\n<\/div>\n<div>\n<h2><strong><strong><strong>3. mise \u00e0 l&rsquo;\u00e9chelle et diffusion de mod\u00e8les r\u00e9ussis<\/strong><\/strong><\/strong><\/h2>\n<p>La diffusion de mod\u00e8les \u00e9ducatifs r\u00e9ussis \u00e0 d&rsquo;autres \u00e9coles est essentielle pour garantir que tous les \u00e9l\u00e8ves aient acc\u00e8s \u00e0 un enseignement de qualit\u00e9, quel que soit l&rsquo;endroit o\u00f9 ils se trouvent. En adoptant les meilleures pratiques et des approches p\u00e9dagogiques innovantes \u00e0 plus grande \u00e9chelle, les \u00e9tablissements d&rsquo;enseignement peuvent am\u00e9liorer leur offre de services et garantir une qualit\u00e9 \u00e9lev\u00e9e et constante de l&rsquo;enseignement. Ce processus permet aux apprenants de r\u00e9aliser leur plein potentiel, car ils b\u00e9n\u00e9ficient de m\u00e9thodes p\u00e9dagogiques \u00e9prouv\u00e9es et ont acc\u00e8s \u00e0 des ressources qui favorisent leur d\u00e9veloppement acad\u00e9mique. En fin de compte, la diffusion de mod\u00e8les \u00e9ducatifs r\u00e9ussis contribue \u00e0 promouvoir l&rsquo;\u00e9galit\u00e9 des chances en mati\u00e8re d&rsquo;\u00e9ducation et \u00e0 garantir que tous les \u00e9l\u00e8ves re\u00e7oivent la meilleure \u00e9ducation possible pour r\u00e9ussir dans le monde de demain.<\/p>\n<\/div>\n<\/div>\n<\/div>\n<\/div>\n<\/div>\n<div>\n<div>\n<div>\n<div>\n<div>\n<div> <\/div>\n<\/div>\n<div>\n<h2><strong><strong><strong>4. orientation professionnelle<\/strong><\/strong><\/strong><\/h2>\n<p>La protection du climat et la s\u00e9curit\u00e9 \u00e9nerg\u00e9tique exigent une r\u00e9orientation rapide de notre approvisionnement \u00e9nerg\u00e9tique vers des technologies efficaces et neutres pour le climat. Parall\u00e8lement, le secteur de l&rsquo;\u00e9nergie et l&rsquo;artisanat recherchent d&rsquo;urgence des sp\u00e9cialistes capables de ma\u00eetriser et de mettre en \u0153uvre ces techniques innovantes. Le Green Energy VR Campus vise \u00e0 rendre l&rsquo;orientation professionnelle dans ce domaine plus efficace et plus motivante en utilisant la r\u00e9alit\u00e9 virtuelle (VR) et l&rsquo;intelligence artificielle (IA). (<a href=\"https:\/\/foundationmetaverse.eu\/fr\/green-energy-ai-vr-campus\">pour plus d&rsquo;informations, cliquez ici<\/a>)<\/p>\n<\/div>\n<\/div>\n<\/div>\n<\/div>\n<\/div>\n<h2>Fa\u00e7onner l&rsquo;\u00e9ducation, assurer l&rsquo;avenir : Votre don pour un apprentissage \u00e9quitable et num\u00e9rique<\/h2>\n<p>Aidez-nous \u00e0 fa\u00e7onner l&rsquo;avenir de l&rsquo;\u00e9ducation de mani\u00e8re responsable ! Votre don nous permet de d\u00e9velopper des projets \u00e9ducatifs innovants dans le Metaverse, qui \u00e9tablissent des normes \u00e9thiques et favorisent l&rsquo;\u00e9galit\u00e9 des chances pour tous les apprenants. Chaque don contribue \u00e0 ce que nous puissions ensemble exploiter le potentiel de la num\u00e9risation et cr\u00e9er un paysage \u00e9ducatif \u00e9quitable, s\u00fbr et durable.<\/p>\n<h2><a href=\"https:\/\/foundationmetaverse.eu\/fr\/votre-soutien\">Aidez-nous \u00e0 pr\u00e9parer la prochaine g\u00e9n\u00e9ration aux d\u00e9fis de demain.<\/a><\/h2>\n\t\t\t\t\t\t\t\t<\/div>\n\t\t\t\t<\/div>\n\t\t\t\t\t<\/div>\n\t\t<\/div>\n\t\t\t\t\t<\/div>\n\t\t<\/section>\n\t\t\t\t<\/div>\n\t\t","protected":false},"excerpt":{"rendered":"<p>\u00c9tant donn\u00e9 que nous observons une augmentation constante des technologies telles que l&rsquo;intelligence artificielle, le m\u00e9tavers et d&rsquo;autres innovations, qui se poursuivra de mani\u00e8re exponentielle, il est crucial, dans le syst\u00e8me \u00e9ducatif, de pr\u00e9parer nos enfants et nos jeunes \u00e0 ces \u00e9volutions. Face \u00e0 la num\u00e9risation rapide et \u00e0 l&rsquo;\u00e9volution du monde du travail, ils doivent d&rsquo;une part apprendre \u00e0 [&hellip;]<\/p>\n","protected":false},"author":3,"featured_media":0,"parent":0,"menu_order":0,"comment_status":"closed","ping_status":"closed","template":"","meta":{"_acf_changed":false,"_eb_attr":"","_EventAllDay":false,"_EventTimezone":"","_EventStartDate":"","_EventEndDate":"","_EventStartDateUTC":"","_EventEndDateUTC":"","_EventShowMap":false,"_EventShowMapLink":false,"_EventURL":"","_EventCost":"","_EventCostDescription":"","_EventCurrencySymbol":"","_EventCurrencyCode":"","_EventCurrencyPosition":"","_EventDateTimeSeparator":"","_EventTimeRangeSeparator":"","_EventOrganizerID":[],"_EventVenueID":[],"_OrganizerEmail":"","_OrganizerPhone":"","_OrganizerWebsite":"","_VenueAddress":"","_VenueCity":"","_VenueCountry":"","_VenueProvince":"","_VenueState":"","_VenueZip":"","_VenuePhone":"","_VenueURL":"","_VenueStateProvince":"","_VenueLat":"","_VenueLng":"","_VenueShowMap":false,"_VenueShowMapLink":false,"footnotes":""},"class_list":["post-2791","page","type-page","status-publish","hentry"],"acf":[],"yoast_head":"<!-- This site is optimized with the Yoast SEO plugin v26.8 - https:\/\/yoast.com\/product\/yoast-seo-wordpress\/ -->\n<title>Notre initiative m\u00e9taverse sur l&#039;\u00e9ducation : promouvoir la comp\u00e9tence num\u00e9rique, renforcer les soft skills - pour une g\u00e9n\u00e9ration d&#039;avenir en Europe ! - Foundation Metaverse Europe<\/title>\n<meta name=\"robots\" content=\"index, follow, max-snippet:-1, max-image-preview:large, max-video-preview:-1\" \/>\n<link rel=\"canonical\" href=\"https:\/\/foundationmetaverse.eu\/fr\/metaverse-de-leducation\" \/>\n<meta property=\"og:locale\" content=\"fr_FR\" \/>\n<meta property=\"og:type\" content=\"article\" \/>\n<meta property=\"og:title\" content=\"Notre initiative m\u00e9taverse sur l&#039;\u00e9ducation : promouvoir la comp\u00e9tence num\u00e9rique, renforcer les soft skills - pour une g\u00e9n\u00e9ration d&#039;avenir en Europe ! - Foundation Metaverse Europe\" \/>\n<meta property=\"og:description\" content=\"\u00c9tant donn\u00e9 que nous observons une augmentation constante des technologies telles que l&rsquo;intelligence artificielle, le m\u00e9tavers et d&rsquo;autres innovations, qui se poursuivra de mani\u00e8re exponentielle, il est crucial, dans le syst\u00e8me \u00e9ducatif, de pr\u00e9parer nos enfants et nos jeunes \u00e0 ces \u00e9volutions. Face \u00e0 la num\u00e9risation rapide et \u00e0 l&rsquo;\u00e9volution du monde du travail, ils doivent d&rsquo;une part apprendre \u00e0 [&hellip;]\" \/>\n<meta property=\"og:url\" content=\"https:\/\/foundationmetaverse.eu\/fr\/metaverse-de-leducation\" \/>\n<meta property=\"og:site_name\" content=\"Foundation Metaverse Europe\" \/>\n<meta property=\"article:modified_time\" content=\"2025-01-29T13:26:05+00:00\" \/>\n<meta property=\"og:image\" content=\"https:\/\/foundationmetaverse.eu\/wp-content\/uploads\/2024\/08\/logo-bvlb.png\" \/>\n\t<meta property=\"og:image:width\" content=\"301\" \/>\n\t<meta property=\"og:image:height\" content=\"167\" \/>\n\t<meta property=\"og:image:type\" content=\"image\/png\" \/>\n<meta name=\"twitter:card\" content=\"summary_large_image\" \/>\n<meta name=\"twitter:label1\" content=\"Dur\u00e9e de lecture estim\u00e9e\" \/>\n\t<meta name=\"twitter:data1\" content=\"8 minutes\" \/>\n<script type=\"application\/ld+json\" class=\"yoast-schema-graph\">{\"@context\":\"https:\/\/schema.org\",\"@graph\":[{\"@type\":\"WebPage\",\"@id\":\"https:\/\/foundationmetaverse.eu\/fr\/metaverse-de-leducation\",\"url\":\"https:\/\/foundationmetaverse.eu\/fr\/metaverse-de-leducation\",\"name\":\"Notre initiative m\u00e9taverse sur l'\u00e9ducation : promouvoir la comp\u00e9tence num\u00e9rique, renforcer les soft skills - pour une g\u00e9n\u00e9ration d'avenir en Europe ! - Foundation Metaverse Europe\",\"isPartOf\":{\"@id\":\"https:\/\/foundationmetaverse.eu\/fr#website\"},\"primaryImageOfPage\":{\"@id\":\"https:\/\/foundationmetaverse.eu\/fr\/metaverse-de-leducation#primaryimage\"},\"image\":{\"@id\":\"https:\/\/foundationmetaverse.eu\/fr\/metaverse-de-leducation#primaryimage\"},\"thumbnailUrl\":\"https:\/\/foundationmetaverse.eu\/wp-content\/uploads\/2024\/08\/logo-bvlb.png\",\"datePublished\":\"2024-05-10T16:12:03+00:00\",\"dateModified\":\"2025-01-29T13:26:05+00:00\",\"breadcrumb\":{\"@id\":\"https:\/\/foundationmetaverse.eu\/fr\/metaverse-de-leducation#breadcrumb\"},\"inLanguage\":\"fr-FR\",\"potentialAction\":[{\"@type\":\"ReadAction\",\"target\":[\"https:\/\/foundationmetaverse.eu\/fr\/metaverse-de-leducation\"]}]},{\"@type\":\"ImageObject\",\"inLanguage\":\"fr-FR\",\"@id\":\"https:\/\/foundationmetaverse.eu\/fr\/metaverse-de-leducation#primaryimage\",\"url\":\"https:\/\/foundationmetaverse.eu\/wp-content\/uploads\/2024\/08\/logo-bvlb.png\",\"contentUrl\":\"https:\/\/foundationmetaverse.eu\/wp-content\/uploads\/2024\/08\/logo-bvlb.png\"},{\"@type\":\"BreadcrumbList\",\"@id\":\"https:\/\/foundationmetaverse.eu\/fr\/metaverse-de-leducation#breadcrumb\",\"itemListElement\":[{\"@type\":\"ListItem\",\"position\":1,\"name\":\"Startseite\",\"item\":\"https:\/\/foundationmetaverse.eu\/fr\"},{\"@type\":\"ListItem\",\"position\":2,\"name\":\"Notre initiative m\u00e9taverse sur l&#8217;\u00e9ducation : promouvoir la comp\u00e9tence num\u00e9rique, renforcer les soft skills &#8211; pour une g\u00e9n\u00e9ration d&#8217;avenir en Europe !\"}]},{\"@type\":\"WebSite\",\"@id\":\"https:\/\/foundationmetaverse.eu\/fr#website\",\"url\":\"https:\/\/foundationmetaverse.eu\/fr\",\"name\":\"Foundation Metaverse Europe\",\"description\":\"We anchor European values in the mind and heart of the Metaverse.\",\"publisher\":{\"@id\":\"https:\/\/foundationmetaverse.eu\/fr#organization\"},\"potentialAction\":[{\"@type\":\"SearchAction\",\"target\":{\"@type\":\"EntryPoint\",\"urlTemplate\":\"https:\/\/foundationmetaverse.eu\/fr?s={search_term_string}\"},\"query-input\":{\"@type\":\"PropertyValueSpecification\",\"valueRequired\":true,\"valueName\":\"search_term_string\"}}],\"inLanguage\":\"fr-FR\"},{\"@type\":\"Organization\",\"@id\":\"https:\/\/foundationmetaverse.eu\/fr#organization\",\"name\":\"Foundation Metaverse Europe\",\"url\":\"https:\/\/foundationmetaverse.eu\/fr\",\"logo\":{\"@type\":\"ImageObject\",\"inLanguage\":\"fr-FR\",\"@id\":\"https:\/\/foundationmetaverse.eu\/fr#\/schema\/logo\/image\/\",\"url\":\"https:\/\/foundationmetaverse.eu\/wp-content\/uploads\/2022\/04\/FME_Logo_AllBlack_Small.png\",\"contentUrl\":\"https:\/\/foundationmetaverse.eu\/wp-content\/uploads\/2022\/04\/FME_Logo_AllBlack_Small.png\",\"width\":600,\"height\":262,\"caption\":\"Foundation Metaverse Europe\"},\"image\":{\"@id\":\"https:\/\/foundationmetaverse.eu\/fr#\/schema\/logo\/image\/\"},\"sameAs\":[\"https:\/\/www.linkedin.com\/company\/foundation-metaverse-europe\/\"]}]}<\/script>\n<!-- \/ Yoast SEO plugin. -->","yoast_head_json":{"title":"Notre initiative m\u00e9taverse sur l'\u00e9ducation : promouvoir la comp\u00e9tence num\u00e9rique, renforcer les soft skills - pour une g\u00e9n\u00e9ration d'avenir en Europe ! - Foundation Metaverse Europe","robots":{"index":"index","follow":"follow","max-snippet":"max-snippet:-1","max-image-preview":"max-image-preview:large","max-video-preview":"max-video-preview:-1"},"canonical":"https:\/\/foundationmetaverse.eu\/fr\/metaverse-de-leducation","og_locale":"fr_FR","og_type":"article","og_title":"Notre initiative m\u00e9taverse sur l'\u00e9ducation : promouvoir la comp\u00e9tence num\u00e9rique, renforcer les soft skills - pour une g\u00e9n\u00e9ration d'avenir en Europe ! - Foundation Metaverse Europe","og_description":"\u00c9tant donn\u00e9 que nous observons une augmentation constante des technologies telles que l&rsquo;intelligence artificielle, le m\u00e9tavers et d&rsquo;autres innovations, qui se poursuivra de mani\u00e8re exponentielle, il est crucial, dans le syst\u00e8me \u00e9ducatif, de pr\u00e9parer nos enfants et nos jeunes \u00e0 ces \u00e9volutions. Face \u00e0 la num\u00e9risation rapide et \u00e0 l&rsquo;\u00e9volution du monde du travail, ils doivent d&rsquo;une part apprendre \u00e0 [&hellip;]","og_url":"https:\/\/foundationmetaverse.eu\/fr\/metaverse-de-leducation","og_site_name":"Foundation Metaverse Europe","article_modified_time":"2025-01-29T13:26:05+00:00","og_image":[{"width":301,"height":167,"url":"https:\/\/foundationmetaverse.eu\/wp-content\/uploads\/2024\/08\/logo-bvlb.png","type":"image\/png"}],"twitter_card":"summary_large_image","twitter_misc":{"Dur\u00e9e de lecture estim\u00e9e":"8 minutes"},"schema":{"@context":"https:\/\/schema.org","@graph":[{"@type":"WebPage","@id":"https:\/\/foundationmetaverse.eu\/fr\/metaverse-de-leducation","url":"https:\/\/foundationmetaverse.eu\/fr\/metaverse-de-leducation","name":"Notre initiative m\u00e9taverse sur l'\u00e9ducation : promouvoir la comp\u00e9tence num\u00e9rique, renforcer les soft skills - pour une g\u00e9n\u00e9ration d'avenir en Europe ! - Foundation Metaverse Europe","isPartOf":{"@id":"https:\/\/foundationmetaverse.eu\/fr#website"},"primaryImageOfPage":{"@id":"https:\/\/foundationmetaverse.eu\/fr\/metaverse-de-leducation#primaryimage"},"image":{"@id":"https:\/\/foundationmetaverse.eu\/fr\/metaverse-de-leducation#primaryimage"},"thumbnailUrl":"https:\/\/foundationmetaverse.eu\/wp-content\/uploads\/2024\/08\/logo-bvlb.png","datePublished":"2024-05-10T16:12:03+00:00","dateModified":"2025-01-29T13:26:05+00:00","breadcrumb":{"@id":"https:\/\/foundationmetaverse.eu\/fr\/metaverse-de-leducation#breadcrumb"},"inLanguage":"fr-FR","potentialAction":[{"@type":"ReadAction","target":["https:\/\/foundationmetaverse.eu\/fr\/metaverse-de-leducation"]}]},{"@type":"ImageObject","inLanguage":"fr-FR","@id":"https:\/\/foundationmetaverse.eu\/fr\/metaverse-de-leducation#primaryimage","url":"https:\/\/foundationmetaverse.eu\/wp-content\/uploads\/2024\/08\/logo-bvlb.png","contentUrl":"https:\/\/foundationmetaverse.eu\/wp-content\/uploads\/2024\/08\/logo-bvlb.png"},{"@type":"BreadcrumbList","@id":"https:\/\/foundationmetaverse.eu\/fr\/metaverse-de-leducation#breadcrumb","itemListElement":[{"@type":"ListItem","position":1,"name":"Startseite","item":"https:\/\/foundationmetaverse.eu\/fr"},{"@type":"ListItem","position":2,"name":"Notre initiative m\u00e9taverse sur l&#8217;\u00e9ducation : promouvoir la comp\u00e9tence num\u00e9rique, renforcer les soft skills &#8211; pour une g\u00e9n\u00e9ration d&#8217;avenir en Europe !"}]},{"@type":"WebSite","@id":"https:\/\/foundationmetaverse.eu\/fr#website","url":"https:\/\/foundationmetaverse.eu\/fr","name":"Foundation Metaverse Europe","description":"We anchor European values in the mind and heart of the Metaverse.","publisher":{"@id":"https:\/\/foundationmetaverse.eu\/fr#organization"},"potentialAction":[{"@type":"SearchAction","target":{"@type":"EntryPoint","urlTemplate":"https:\/\/foundationmetaverse.eu\/fr?s={search_term_string}"},"query-input":{"@type":"PropertyValueSpecification","valueRequired":true,"valueName":"search_term_string"}}],"inLanguage":"fr-FR"},{"@type":"Organization","@id":"https:\/\/foundationmetaverse.eu\/fr#organization","name":"Foundation Metaverse Europe","url":"https:\/\/foundationmetaverse.eu\/fr","logo":{"@type":"ImageObject","inLanguage":"fr-FR","@id":"https:\/\/foundationmetaverse.eu\/fr#\/schema\/logo\/image\/","url":"https:\/\/foundationmetaverse.eu\/wp-content\/uploads\/2022\/04\/FME_Logo_AllBlack_Small.png","contentUrl":"https:\/\/foundationmetaverse.eu\/wp-content\/uploads\/2022\/04\/FME_Logo_AllBlack_Small.png","width":600,"height":262,"caption":"Foundation Metaverse Europe"},"image":{"@id":"https:\/\/foundationmetaverse.eu\/fr#\/schema\/logo\/image\/"},"sameAs":["https:\/\/www.linkedin.com\/company\/foundation-metaverse-europe\/"]}]}},"jetpack_sharing_enabled":true,"_links":{"self":[{"href":"https:\/\/foundationmetaverse.eu\/fr\/wp-json\/wp\/v2\/pages\/2791","targetHints":{"allow":["GET"]}}],"collection":[{"href":"https:\/\/foundationmetaverse.eu\/fr\/wp-json\/wp\/v2\/pages"}],"about":[{"href":"https:\/\/foundationmetaverse.eu\/fr\/wp-json\/wp\/v2\/types\/page"}],"author":[{"embeddable":true,"href":"https:\/\/foundationmetaverse.eu\/fr\/wp-json\/wp\/v2\/users\/3"}],"replies":[{"embeddable":true,"href":"https:\/\/foundationmetaverse.eu\/fr\/wp-json\/wp\/v2\/comments?post=2791"}],"version-history":[{"count":19,"href":"https:\/\/foundationmetaverse.eu\/fr\/wp-json\/wp\/v2\/pages\/2791\/revisions"}],"predecessor-version":[{"id":4499,"href":"https:\/\/foundationmetaverse.eu\/fr\/wp-json\/wp\/v2\/pages\/2791\/revisions\/4499"}],"wp:attachment":[{"href":"https:\/\/foundationmetaverse.eu\/fr\/wp-json\/wp\/v2\/media?parent=2791"}],"curies":[{"name":"wp","href":"https:\/\/api.w.org\/{rel}","templated":true}]}}