{"id":4779,"date":"2025-02-21T16:04:32","date_gmt":"2025-02-21T15:04:32","guid":{"rendered":"https:\/\/foundationmetaverse.eu\/aim-ethix"},"modified":"2025-04-11T10:56:54","modified_gmt":"2025-04-11T08:56:54","slug":"aim-ethix","status":"publish","type":"page","link":"https:\/\/foundationmetaverse.eu\/fr\/aim-ethix","title":{"rendered":"Aim Ethix"},"content":{"rendered":"<div class=\"wp-block-image\">\n<figure class=\"aligncenter size-large is-resized\"><img fetchpriority=\"high\" decoding=\"async\" width=\"1024\" height=\"390\" src=\"https:\/\/foundationmetaverse.eu\/wp-content\/uploads\/2025\/04\/AIM_ETHIX_LOGO_COLOR_WHITE-1024x390.png\" alt=\"\" class=\"wp-image-5703\" style=\"width:380px;height:auto\" srcset=\"https:\/\/foundationmetaverse.eu\/wp-content\/uploads\/2025\/04\/AIM_ETHIX_LOGO_COLOR_WHITE-1024x390.png 1024w, https:\/\/foundationmetaverse.eu\/wp-content\/uploads\/2025\/04\/AIM_ETHIX_LOGO_COLOR_WHITE-300x114.png 300w, https:\/\/foundationmetaverse.eu\/wp-content\/uploads\/2025\/04\/AIM_ETHIX_LOGO_COLOR_WHITE-768x293.png 768w, https:\/\/foundationmetaverse.eu\/wp-content\/uploads\/2025\/04\/AIM_ETHIX_LOGO_COLOR_WHITE-1536x586.png 1536w, https:\/\/foundationmetaverse.eu\/wp-content\/uploads\/2025\/04\/AIM_ETHIX_LOGO_COLOR_WHITE-2048x781.png 2048w\" sizes=\"(max-width: 1024px) 100vw, 1024px\" \/><\/figure><\/div>\n\n\n<h2 class=\"wp-block-heading alignfull has-text-align-center has-white-color has-text-color has-background has-link-color has-large-font-size wp-elements-fd3f78acf71bf68483104bc301d77b75\" style=\"background-color:#0d324d\">Protection de la vie humaine <br>L&rsquo;autonomie dans l&rsquo;IA<\/h2>\n\n\n\n<p class=\"has-text-align-center has-white-color has-text-color has-background has-link-color has-medium-font-size wp-elements-695ff2d38b3c69bd026856612ac063df\" style=\"background-color:#0d324d\">Le prix AIM ETHIX, qui se tiendra simultan\u00e9ment \u00e0 Paris et \u00e0 Berlin en 2026, r\u00e9compense des projets d&rsquo;IA exceptionnels pour leur impact \u00e9thique et \u00e9conomique. Inspir\u00e9 des grandes r\u00e9compenses cin\u00e9matographiques, il allie divertissement et reconnaissance pour mettre en avant des solutions d&rsquo;IA de valeur qui allient progr\u00e8s technologique et autonomie individuelle. <\/p>\n\n\n\n<figure class=\"wp-block-gallery has-nested-images columns-default is-cropped has-background wp-block-gallery-2 is-layout-flex wp-block-gallery-is-layout-flex\" style=\"background-color:#0d324d\">\n<figure class=\"wp-block-image size-large\"><img decoding=\"async\" width=\"1024\" height=\"492\" data-id=\"4760\" src=\"https:\/\/foundationmetaverse.eu\/wp-content\/uploads\/2025\/02\/AIM-ETHIX-AWARD-Europe-Berlin-1024x492.jpeg\" alt=\"\" class=\"wp-image-4760\" srcset=\"https:\/\/foundationmetaverse.eu\/wp-content\/uploads\/2025\/02\/AIM-ETHIX-AWARD-Europe-Berlin-1024x492.jpeg 1024w, https:\/\/foundationmetaverse.eu\/wp-content\/uploads\/2025\/02\/AIM-ETHIX-AWARD-Europe-Berlin-300x144.jpeg 300w, https:\/\/foundationmetaverse.eu\/wp-content\/uploads\/2025\/02\/AIM-ETHIX-AWARD-Europe-Berlin-768x369.jpeg 768w, https:\/\/foundationmetaverse.eu\/wp-content\/uploads\/2025\/02\/AIM-ETHIX-AWARD-Europe-Berlin.jpeg 1500w\" sizes=\"(max-width: 1024px) 100vw, 1024px\" \/><\/figure>\n\n\n\n<figure class=\"wp-block-image size-large\"><img decoding=\"async\" width=\"1024\" height=\"492\" data-id=\"4769\" src=\"https:\/\/foundationmetaverse.eu\/wp-content\/uploads\/2025\/02\/AIM-ETHIX-AWARD-Europe-Paris-1-1024x492.jpeg\" alt=\"\" class=\"wp-image-4769\" srcset=\"https:\/\/foundationmetaverse.eu\/wp-content\/uploads\/2025\/02\/AIM-ETHIX-AWARD-Europe-Paris-1-1024x492.jpeg 1024w, https:\/\/foundationmetaverse.eu\/wp-content\/uploads\/2025\/02\/AIM-ETHIX-AWARD-Europe-Paris-1-300x144.jpeg 300w, https:\/\/foundationmetaverse.eu\/wp-content\/uploads\/2025\/02\/AIM-ETHIX-AWARD-Europe-Paris-1-768x369.jpeg 768w, https:\/\/foundationmetaverse.eu\/wp-content\/uploads\/2025\/02\/AIM-ETHIX-AWARD-Europe-Paris-1.jpeg 1500w\" sizes=\"(max-width: 1024px) 100vw, 1024px\" \/><\/figure>\n\n\n\n<figure class=\"wp-block-image size-large\"><img loading=\"lazy\" decoding=\"async\" width=\"1024\" height=\"492\" data-id=\"4757\" src=\"https:\/\/foundationmetaverse.eu\/wp-content\/uploads\/2025\/02\/AIM-ETHIX-AWARD-Europe-Europe-1024x492.jpeg\" alt=\"\" class=\"wp-image-4757\" srcset=\"https:\/\/foundationmetaverse.eu\/wp-content\/uploads\/2025\/02\/AIM-ETHIX-AWARD-Europe-Europe-1024x492.jpeg 1024w, https:\/\/foundationmetaverse.eu\/wp-content\/uploads\/2025\/02\/AIM-ETHIX-AWARD-Europe-Europe-300x144.jpeg 300w, https:\/\/foundationmetaverse.eu\/wp-content\/uploads\/2025\/02\/AIM-ETHIX-AWARD-Europe-Europe-768x369.jpeg 768w, https:\/\/foundationmetaverse.eu\/wp-content\/uploads\/2025\/02\/AIM-ETHIX-AWARD-Europe-Europe.jpeg 1500w\" sizes=\"(max-width: 1024px) 100vw, 1024px\" \/><\/figure>\n<\/figure>\n\n\n\n<div style=\"height:44px\" aria-hidden=\"true\" class=\"wp-block-spacer\"><\/div>\n\n\n\n<h3 class=\"wp-block-heading has-text-align-center has-white-color has-text-color has-background has-link-color wp-elements-8b3d2c4a72369175a9d0059dd92b9453\" style=\"background-color:#0d324d\"><strong>Le prix AIM ETHIX &#8211; Soyez de la partie !<\/strong><\/h3>\n\n\n\n<p class=\"has-text-align-center has-white-color has-text-color has-background has-link-color has-medium-font-size wp-elements-4afe245c188c214b5d67a90d00de580d\" style=\"background-color:#0d324d\">Le prix AIM ETHIX est d\u00e9cern\u00e9 en&nbsp;<strong>six cat\u00e9gories &nbsp;<\/strong>et r\u00e9compense des performances exceptionnelles. D\u00e9couvrez des projets inspirants et des personnalit\u00e9s qui font la diff\u00e9rence gr\u00e2ce \u00e0 leur engagement. <\/p>\n\n\n\n<p class=\"has-text-align-center has-white-color has-text-color has-background has-link-color has-medium-font-size wp-elements-5c5c0c53bc6b0b2aff8863c0a38293c9\" style=\"background-color:#0d324d\">Vous souhaitez vous-m\u00eame r\u00e9compenser une r\u00e9alisation exceptionnelle ? Soumettez votre proposition et contribuez \u00e0 rendre visibles des m\u00e9rites particuliers ! <\/p>\n\n\n\n<div style=\"height:35px\" aria-hidden=\"true\" class=\"wp-block-spacer\"><\/div>\n\n\n\n<div class=\"wp-block-columns alignfull is-layout-flex wp-container-core-columns-is-layout-1 wp-block-columns-is-layout-flex\">\n<div class=\"wp-block-column is-layout-flow wp-block-column-is-layout-flow\">\n<h3 class=\"wp-block-heading has-text-align-center has-white-color has-text-color has-background has-link-color has-medium-font-size wp-elements-357480f67a0fb67e2990b03b1f2e9ea8\" style=\"background-color:#7f5a83\"><strong><a href=\"https:\/\/foundationmetaverse.eu\/aim-ethix-wer-kann-einreichen\">Qui peut<\/a><\/strong><br><strong><a href=\"https:\/\/foundationmetaverse.eu\/aim-ethix-wer-kann-einreichen\">soumettre une demande ??<\/a><\/strong><br><\/h3>\n\n\n\n<p class=\"has-text-align-center\"><br><\/p>\n<\/div>\n\n\n\n<div class=\"wp-block-column is-layout-flow wp-block-column-is-layout-flow\">\n<h3 class=\"wp-block-heading has-text-align-center has-white-color has-text-color has-background has-link-color has-medium-font-size wp-elements-b429711075e35c496368ab4e796586bd\" style=\"background-color:#7f5a83\"><strong><a href=\"https:\/\/foundationmetaverse.eu\/aim-ethix-was-kann-eingereicht-werden\">Qu&rsquo;est-ce qui peut <\/a><\/strong><br><strong><a href=\"https:\/\/foundationmetaverse.eu\/aim-ethix-was-kann-eingereicht-werden\">\u00eatre soumis?<\/a><\/strong><\/h3>\n<\/div>\n\n\n\n<div class=\"wp-block-column is-layout-flow wp-block-column-is-layout-flow\">\n<h3 class=\"wp-block-heading has-text-align-center has-white-color has-text-color has-background has-link-color has-medium-font-size wp-elements-4fe755acb74e3b33e4ce19545e41b98b\" style=\"background-color:#7f5a83\"><strong><a href=\"https:\/\/foundationmetaverse.eu\/aim-ethix-einreichung-formalitaeten-und-vorab-vereinbarte-aim-ethix-verfahren\">Comment s&rsquo;effectue <\/a><\/strong><br><strong><a href=\"https:\/\/foundationmetaverse.eu\/aim-ethix-einreichung-formalitaeten-und-vorab-vereinbarte-aim-ethix-verfahren\">la soumis?<\/a><\/strong><br><\/h3>\n\n\n\n<p class=\"has-text-align-center\"><br><\/p>\n<\/div>\n<\/div>\n\n\n\n<div style=\"height:60px\" aria-hidden=\"true\" class=\"wp-block-spacer\"><\/div>\n\n\n\n<h3 class=\"wp-block-heading has-text-align-center has-white-color has-text-color has-background has-link-color wp-elements-d017cc92f7706ee6a38a7460dc3f123a\" style=\"background-color:#0d324d\">Les cat\u00e9gories pour les prix<\/h3>\n\n\n\n<div class=\"wp-block-columns is-layout-flex wp-container-core-columns-is-layout-2 wp-block-columns-is-layout-flex\">\n<div class=\"wp-block-column is-layout-flow wp-block-column-is-layout-flow\">\n<div class=\"wp-block-essential-blocks-infobox root-eb-infobox-37phv\"><div class=\"eb-parent-wrapper eb-parent-eb-infobox-37phv \"><div class=\"eb-infobox-37phv eb-infobox-wrapper\"><div class=\"infobox-wrapper-inner\"><div class=\"icon-img-wrapper\"><div class=\"eb-infobox-image-wrapper\"><img decoding=\"async\" class=\"eb-infobox-image\" src=\"https:\/\/foundationmetaverse.eu\/wp-content\/uploads\/2025\/04\/Gesellschaftlicher-Nutzen.png\" alt=\"\"><\/div><\/div><div class=\"contents-wrapper\"><div class=\"eb-button-inner-wrapper eb-infobox-btn-wrapper\"><a class=\"eb-button-anchor hvr-grow infobox-btn hvr-grow\" href=\"https:\/\/foundationmetaverse.eu\/gesellschaftlicher-nutzen\" rel=\"noopener\">Social benefit<\/a><\/div><\/div><\/div><\/div><\/div><\/div>\n<\/div>\n\n\n\n<div class=\"wp-block-column is-layout-flow wp-block-column-is-layout-flow\">\n<div class=\"wp-block-essential-blocks-infobox root-eb-infobox-ljfpw\"><div class=\"eb-parent-wrapper eb-parent-eb-infobox-ljfpw \"><div class=\"eb-infobox-ljfpw eb-infobox-wrapper\"><div class=\"infobox-wrapper-inner\"><div class=\"icon-img-wrapper\"><div class=\"eb-infobox-image-wrapper\"><img decoding=\"async\" class=\"eb-infobox-image\" src=\"https:\/\/foundationmetaverse.eu\/wp-content\/uploads\/2025\/04\/selbstbestimmung.png\" alt=\"\"><\/div><\/div><div class=\"contents-wrapper\"><div class=\"eb-button-inner-wrapper eb-infobox-btn-wrapper\"><a class=\"eb-button-anchor hvr-grow infobox-btn hvr-grow\" href=\"https:\/\/foundationmetaverse.eu\/selbstbestimmung\" rel=\"noopener\">Self-determination<\/a><\/div><\/div><\/div><\/div><\/div><\/div>\n<\/div>\n\n\n\n<div class=\"wp-block-column is-layout-flow wp-block-column-is-layout-flow\">\n<div class=\"wp-block-essential-blocks-infobox root-eb-infobox-bhd18\"><div class=\"eb-parent-wrapper eb-parent-eb-infobox-bhd18 \"><div class=\"eb-infobox-bhd18 eb-infobox-wrapper\"><div class=\"infobox-wrapper-inner\"><div class=\"icon-img-wrapper\"><div class=\"eb-infobox-image-wrapper\"><img decoding=\"async\" class=\"eb-infobox-image\" src=\"https:\/\/foundationmetaverse.eu\/wp-content\/uploads\/2025\/04\/verantwortung.png\" alt=\"\"><\/div><\/div><div class=\"contents-wrapper\"><div class=\"eb-button-inner-wrapper eb-infobox-btn-wrapper\"><a class=\"eb-button-anchor hvr-grow infobox-btn hvr-grow\" href=\"https:\/\/foundationmetaverse.eu\/verantwortung\" rel=\"noopener\">Responsibility<br><\/a><\/div><\/div><\/div><\/div><\/div><\/div>\n<\/div>\n<\/div>\n\n\n\n<div class=\"wp-block-columns is-layout-flex wp-container-core-columns-is-layout-3 wp-block-columns-is-layout-flex\">\n<div class=\"wp-block-column is-layout-flow wp-block-column-is-layout-flow\">\n<div class=\"wp-block-essential-blocks-infobox alignfull root-eb-infobox-e19me\"><div class=\"eb-parent-wrapper eb-parent-eb-infobox-e19me \"><div class=\"eb-infobox-e19me eb-infobox-wrapper\"><div class=\"infobox-wrapper-inner\"><div class=\"icon-img-wrapper\"><div class=\"eb-infobox-image-wrapper\"><img decoding=\"async\" class=\"eb-infobox-image\" src=\"https:\/\/foundationmetaverse.eu\/wp-content\/uploads\/2025\/04\/sicherheit.png\" alt=\"\"><\/div><\/div><div class=\"contents-wrapper\"><div class=\"eb-button-inner-wrapper eb-infobox-btn-wrapper\"><a class=\"eb-button-anchor hvr-grow infobox-btn hvr-grow\" href=\"https:\/\/foundationmetaverse.eu\/sicherheit\" rel=\"noopener\">Safety<br><\/a><\/div><\/div><\/div><\/div><\/div><\/div>\n<\/div>\n\n\n\n<div class=\"wp-block-column is-layout-flow wp-block-column-is-layout-flow\">\n<div class=\"wp-block-essential-blocks-infobox root-eb-infobox-by0f3\"><div class=\"eb-parent-wrapper eb-parent-eb-infobox-by0f3 \"><div class=\"eb-infobox-by0f3 eb-infobox-wrapper\"><div class=\"infobox-wrapper-inner\"><div class=\"icon-img-wrapper\"><div class=\"eb-infobox-image-wrapper\"><img decoding=\"async\" class=\"eb-infobox-image\" src=\"https:\/\/foundationmetaverse.eu\/wp-content\/uploads\/2025\/04\/fairness.png\" alt=\"\"><\/div><\/div><div class=\"contents-wrapper\"><div class=\"eb-button-inner-wrapper eb-infobox-btn-wrapper\"><a class=\"eb-button-anchor hvr-grow infobox-btn hvr-grow\" href=\"https:\/\/foundationmetaverse.eu\/fairness\" rel=\"noopener\">Fairness<br><\/a><\/div><\/div><\/div><\/div><\/div><\/div>\n<\/div>\n\n\n\n<div class=\"wp-block-column is-layout-flow wp-block-column-is-layout-flow\">\n<div class=\"wp-block-essential-blocks-infobox root-eb-infobox-r0dms\"><div class=\"eb-parent-wrapper eb-parent-eb-infobox-r0dms \"><div class=\"eb-infobox-r0dms eb-infobox-wrapper\"><div class=\"infobox-wrapper-inner\"><div class=\"icon-img-wrapper\"><div class=\"eb-infobox-image-wrapper\"><img decoding=\"async\" class=\"eb-infobox-image\" src=\"https:\/\/foundationmetaverse.eu\/wp-content\/uploads\/2025\/04\/Gerechtigkeit.png\" alt=\"\"><\/div><\/div><div class=\"contents-wrapper\"><div class=\"eb-button-inner-wrapper eb-infobox-btn-wrapper\"><a class=\"eb-button-anchor hvr-grow infobox-btn hvr-grow\" href=\"https:\/\/foundationmetaverse.eu\/gerechtigkeit\" rel=\"noopener\">Justice<br><\/a><\/div><\/div><\/div><\/div><\/div><\/div>\n<\/div>\n<\/div>\n\n\n\n<div style=\"height:60px\" aria-hidden=\"true\" class=\"wp-block-spacer\"><\/div>\n\n\n\n<h3 class=\"wp-block-heading has-text-align-center has-white-color has-text-color has-background has-link-color wp-elements-70736658e853a053d772eb15deb59587\" style=\"background-color:#0d324d\">Nos partenaires m\u00e9dias<\/h3>\n\n\n\n<div class=\"wp-block-essential-blocks-slider alignfull root-eb-slider-6gxlq\"><div class=\"eb-parent-wrapper eb-parent-eb-slider-6gxlq \"><div class=\"eb-slider-wrapper eb-slider-6gxlq\" data-blockid=\"eb-slider-6gxlq\" data-version=\"v4\" data-settings=\"eyJhcnJvd3MiOmZhbHNlLCJhZGFwdGl2ZUhlaWdodCI6ZmFsc2UsImF1dG9wbGF5Ijp0cnVlLCJhdXRvcGxheVNwZWVkIjoxMDEwLCJkb3RzIjpmYWxzZSwiZmFkZSI6ZmFsc2UsImluZmluaXRlIjp0cnVlLCJwYXVzZU9uSG92ZXIiOmZhbHNlLCJzbGlkZXNUb1Nob3ciOjMsInNwZWVkIjoxODQ1LCJ2ZXJ0aWNhbCI6ZmFsc2UsImN1cnJlbnRTbGlkZSI6MCwicnRsIjpmYWxzZSwicmVzcG9uc2l2ZSI6W3siYnJlYWtwb2ludCI6MTAyNSwic2V0dGluZ3MiOnsic2xpZGVzVG9TaG93IjozfX0seyJicmVha3BvaW50Ijo3NjcsInNldHRpbmdzIjp7InNsaWRlc1RvU2hvdyI6M319XX0=\" data-arrownexticon=\"fas fa-arrow-alt-circle-right\" data-arrowprevicon=\"fas fa-arrow-alt-circle-left\" data-lightbox=\"false\"><div class=\"eb-slider-init eb-slider-type-image\"><div class=\"eb-slider-item content-1\" data-src=\"https:\/\/foundationmetaverse.eu\/wp-content\/uploads\/2025\/02\/Riseofai.png\"><div><img class=\"eb-slider-image\" data-lazy=\"https:\/\/foundationmetaverse.eu\/wp-content\/uploads\/2025\/02\/Riseofai.png\"><\/div><\/div><div class=\"eb-slider-item content-1\" data-src=\"https:\/\/foundationmetaverse.eu\/wp-content\/uploads\/2025\/02\/wvsc.png\"><div><img class=\"eb-slider-image\" data-lazy=\"https:\/\/foundationmetaverse.eu\/wp-content\/uploads\/2025\/02\/wvsc.png\"><\/div><\/div><div class=\"eb-slider-item content-1\" data-src=\"https:\/\/foundationmetaverse.eu\/wp-content\/uploads\/2025\/02\/mittestanddigital.png\"><div><img class=\"eb-slider-image\" data-lazy=\"https:\/\/foundationmetaverse.eu\/wp-content\/uploads\/2025\/02\/mittestanddigital.png\"><\/div><\/div><div class=\"eb-slider-item content-1\" data-src=\"https:\/\/foundationmetaverse.eu\/wp-content\/uploads\/2025\/02\/vbki-4.png\"><div><img class=\"eb-slider-image\" data-lazy=\"https:\/\/foundationmetaverse.eu\/wp-content\/uploads\/2025\/02\/vbki-4.png\"><\/div><\/div><div class=\"eb-slider-item content-1\" data-src=\"https:\/\/foundationmetaverse.eu\/wp-content\/uploads\/2025\/03\/BCC.png\"><div><img class=\"eb-slider-image\" data-lazy=\"https:\/\/foundationmetaverse.eu\/wp-content\/uploads\/2025\/03\/BCC.png\"><\/div><\/div><\/div><\/div><\/div><\/div>\n\n\n\n<div style=\"height:98px\" aria-hidden=\"true\" class=\"wp-block-spacer\"><\/div>\n\n\n\n<h3 class=\"wp-block-heading has-text-align-center has-white-color has-text-color has-background has-link-color wp-elements-e5ce40f0b33f3175b34a1b9d910bdaa0\" style=\"background-color:#0d324d\">D\u00e9clarations sur l&rsquo;AIM ETHIX<\/h3>\n\n\n\n<div class=\"wp-block-columns is-layout-flex wp-container-core-columns-is-layout-4 wp-block-columns-is-layout-flex\">\n<div class=\"wp-block-column is-layout-flow wp-block-column-is-layout-flow\">\n<div class=\"wp-block-essential-blocks-infobox alignwide root-eb-infobox-550sy\"><div class=\"eb-parent-wrapper eb-parent-eb-infobox-550sy \"><div class=\"eb-infobox-550sy eb-infobox-wrapper\"><div class=\"infobox-wrapper-inner\"><div class=\"icon-img-wrapper\"><div class=\"eb-infobox-image-wrapper\"><img decoding=\"async\" class=\"eb-infobox-image\" src=\"https:\/\/foundationmetaverse.eu\/wp-content\/uploads\/2025\/02\/Axel-Voss.jpeg\" alt=\"\"><\/div><\/div><div class=\"contents-wrapper\"><h2 class=\"title\">Axel Voss<\/h2><h3 class=\"subtitle\">Parrain du prix AIM-ETHIX,<br>Membre du Parlement europ\u00e9en<br>Parlementaire, coordinateur\/porte-parole du Groupe PPE au sein de la<br>Commission des affaires juridiques |<br>Parlement europ\u00e9en<\/h3><p class=\"description\">Les technologies d&rsquo;avenir sont complexes : c&rsquo;est encore plus vrai pour l&rsquo;IA. C&rsquo;est justement cette complexit\u00e9 qui nous rend souvent l&rsquo;acc\u00e8s difficile. L&rsquo;AIM ETHIX choisit une approche ludique et nous invite, par le biais d&rsquo;un prix d\u00e9cern\u00e9 ici en mati\u00e8re d&rsquo;IA, \u00e0 mieux comprendre comment l&rsquo;IA modifie nos univers de travail et de consommation et quel vocabulaire nous voulons apprendre ici pour piloter ce domaine de mani\u00e8re judicieuse. Des questions telles que l&rsquo;utilit\u00e9 sociale, la responsabilit\u00e9, l&rsquo;autod\u00e9termination et la s\u00e9curit\u00e9 sont au premier plan ; mais en m\u00eame temps, l&rsquo;AIM ETHIX met l&rsquo;accent sur des mod\u00e8les commerciaux convaincants. Cela garantit la prosp\u00e9rit\u00e9 de l&rsquo;Europe dans cette technologie cl\u00e9. C&rsquo;est donc avec grand plaisir que j&rsquo;ai accept\u00e9 de parrainer l&rsquo;AIM ETHIX.     <\/p><\/div><\/div><\/div><\/div><\/div>\n<\/div>\n<\/div>\n\n\n\n<div class=\"wp-block-columns is-layout-flex wp-container-core-columns-is-layout-5 wp-block-columns-is-layout-flex\">\n<div class=\"wp-block-column is-layout-flow wp-block-column-is-layout-flow\">\n<div class=\"wp-block-essential-blocks-infobox root-eb-infobox-mitbt\"><div class=\"eb-parent-wrapper eb-parent-eb-infobox-mitbt \"><div class=\"eb-infobox-mitbt eb-infobox-wrapper\"><div class=\"infobox-wrapper-inner\"><div class=\"icon-img-wrapper\"><div class=\"eb-infobox-image-wrapper\"><img decoding=\"async\" class=\"eb-infobox-image\" src=\"https:\/\/foundationmetaverse.eu\/wp-content\/uploads\/2025\/02\/Maike-Scholz.jpg\" alt=\"\"><\/div><\/div><div class=\"contents-wrapper\"><h2 class=\"title\">Maike Scholz<\/h2><h3 class=\"subtitle\"><strong>Squad Lead \u201cDigital Ethics\u201c <\/strong><br><strong>Deutsche Telekom AG, <\/strong><br><strong>Headquarters<\/strong><\/h3><p class=\"description\">Un prix pour l&rsquo;IA \u00e9thique dans le Metaverse est un signal pr\u00e9curseur : il met l&rsquo;accent sur l&rsquo;innovation et la responsabilit\u00e9, renforce les valeurs de l&rsquo;Europe et cr\u00e9e ainsi un espace pour les technologies d&rsquo;avenir qui pr\u00e9servent notre identit\u00e9. Je souhaite beaucoup de succ\u00e8s \u00e0 l&rsquo;AIM ETHIX Award ! <\/p><\/div><\/div><\/div><\/div><\/div>\n<\/div>\n\n\n\n<div class=\"wp-block-column is-layout-flow wp-block-column-is-layout-flow\">\n<div class=\"wp-block-essential-blocks-infobox root-eb-infobox-l7rwc\"><div class=\"eb-parent-wrapper eb-parent-eb-infobox-l7rwc \"><div class=\"eb-infobox-l7rwc eb-infobox-wrapper\"><div class=\"infobox-wrapper-inner\"><div class=\"icon-img-wrapper\"><div class=\"eb-infobox-image-wrapper\"><img decoding=\"async\" class=\"eb-infobox-image\" src=\"https:\/\/foundationmetaverse.eu\/wp-content\/uploads\/2025\/02\/Eric-Wagner.jpg\" alt=\"\"><\/div><\/div><div class=\"contents-wrapper\"><h2 class=\"title\">Prof. Dr. Eric Wagner<\/h2><h3 class=\"subtitle\"><strong>Partner bei Gleiss Lutz<\/strong><\/h3><p class=\"description\">L&rsquo;\u00e9thique ne peut r\u00e9ussir que si nous concevons le cadre de l&rsquo;autonomie humaine de mani\u00e8re \u00e0 ce que les int\u00e9r\u00eats individuels et le bien commun ne s&rsquo;excluent pas, mais se compl\u00e8tent mutuellement. L&rsquo;exp\u00e9rience montre que cela fonctionne particuli\u00e8rement bien lorsque les acteurs agissent dans un cadre juridique clairement d\u00e9fini et orient\u00e9 vers le progr\u00e8s, qui allie la plus grande libert\u00e9 individuelle possible \u00e0 la responsabilit\u00e9 \u00e9thique. AIM ETHIX est un projet qui soutient et incarne ces objectifs \u00e0 l&rsquo;\u00e8re de l&rsquo;IA. Nous avons besoin de plus d&rsquo;initiatives comme celle-ci !   <\/p><\/div><\/div><\/div><\/div><\/div>\n<\/div>\n<\/div>\n\n\n\n<div class=\"wp-block-columns is-layout-flex wp-container-core-columns-is-layout-6 wp-block-columns-is-layout-flex\">\n<div class=\"wp-block-column is-layout-flow wp-block-column-is-layout-flow\">\n<div class=\"wp-block-essential-blocks-infobox root-eb-infobox-o1ine\"><div class=\"eb-parent-wrapper eb-parent-eb-infobox-o1ine \"><div class=\"eb-infobox-o1ine eb-infobox-wrapper\"><div class=\"infobox-wrapper-inner\"><div class=\"icon-img-wrapper\"><div class=\"eb-infobox-image-wrapper\"><img decoding=\"async\" class=\"eb-infobox-image\" src=\"https:\/\/foundationmetaverse.eu\/wp-content\/uploads\/2025\/02\/MarcoPancini.jpg\" alt=\"\"><\/div><\/div><div class=\"contents-wrapper\"><h2 class=\"title\">Marco Pancini<\/h2><h3 class=\"subtitle\"><strong>Chef des affaires europ\u00e9ennes chez Meta<\/strong><\/h3><p class=\"description\">Chez Meta, nous avons \u00e9t\u00e9 ravis d&rsquo;accueillir et de soutenir un pr\u00e9-\u00e9v\u00e9nement AIM ETHIX Award 2024 \u00e0 Bruxelles. Je suis convaincu que ce prix est une excellente initiative qui met en lumi\u00e8re certains des meilleurs talents en mati\u00e8re d&rsquo;IA sur le march\u00e9, comble le foss\u00e9 entre les entreprises et les politiques et contribue \u00e0 la vision plus large de renforcer encore la comp\u00e9titivit\u00e9 europ\u00e9enne gr\u00e2ce \u00e0 l&rsquo;IA. <\/p><\/div><\/div><\/div><\/div><\/div>\n<\/div>\n\n\n\n<div class=\"wp-block-column is-layout-flow wp-block-column-is-layout-flow\">\n<div class=\"wp-block-essential-blocks-infobox root-eb-infobox-g5uyb\"><div class=\"eb-parent-wrapper eb-parent-eb-infobox-g5uyb \"><div class=\"eb-infobox-g5uyb eb-infobox-wrapper\"><div class=\"infobox-wrapper-inner\"><div class=\"icon-img-wrapper\"><div class=\"eb-infobox-image-wrapper\"><img decoding=\"async\" class=\"eb-infobox-image\" src=\"https:\/\/foundationmetaverse.eu\/wp-content\/uploads\/2025\/03\/MoritzVonKunow.png\" alt=\"\"><\/div><\/div><div class=\"contents-wrapper\"><h2 class=\"title\">Moritz von Kunow<\/h2><h3 class=\"subtitle\"><strong>Regulatory Adviser &amp; Tester at<\/strong><br><strong>AURELA-AI &amp; independent director<\/strong><\/h3><p class=\"description\">Les concepts de m\u00e9tavers et de Web 3.0 sont loin d&rsquo;\u00eatre \u00ab morts \u00bb &#8211; ils m\u00fbrissent. L&rsquo;intelligence artificielle n&rsquo;est pas seulement une nouveaut\u00e9 dont on parle beaucoup (ce qu&rsquo;elle n&rsquo;est pas), mais son interaction avec ces technologies cr\u00e9e des opportunit\u00e9s uniques dans la phase de d\u00e9veloppement actuelle &#8211; tout en soulevant des questions importantes. Alors que l&rsquo;Europe a fix\u00e9 tr\u00e8s t\u00f4t des cadres r\u00e9glementaires, d&rsquo;autres r\u00e9gions ont pris des chemins diff\u00e9rents. AIM ETHIX ram\u00e8ne le d\u00e9bat l\u00e0 o\u00f9 il doit \u00eatre : \u00e0 une r\u00e9flexion sur l&rsquo;utilisation \u00e9thique de ces technologies dans la soci\u00e9t\u00e9. En tant que catalyseur, il incite \u00e0 formuler ce vers quoi nous devrions tendre en tant que soci\u00e9t\u00e9 &#8211; en mettant en lumi\u00e8re des exemples remarquables !    <\/p><\/div><\/div><\/div><\/div><\/div>\n<\/div>\n<\/div>\n\n\n\n<div class=\"wp-block-columns is-layout-flex wp-container-core-columns-is-layout-7 wp-block-columns-is-layout-flex\">\n<div class=\"wp-block-column is-layout-flow wp-block-column-is-layout-flow\">\n<div class=\"wp-block-essential-blocks-infobox root-eb-infobox-vitcs\"><div class=\"eb-parent-wrapper eb-parent-eb-infobox-vitcs \"><div class=\"eb-infobox-vitcs eb-infobox-wrapper\"><div class=\"infobox-wrapper-inner\"><div class=\"icon-img-wrapper\"><div class=\"eb-infobox-image-wrapper\"><img decoding=\"async\" class=\"eb-infobox-image\" src=\"https:\/\/foundationmetaverse.eu\/wp-content\/uploads\/2025\/02\/Marc-Tamschick.jpeg\" alt=\"\"><\/div><\/div><div class=\"contents-wrapper\"><h2 class=\"title\">Marc Tamschick<\/h2><h3 class=\"subtitle\"><strong>CEO Tamschick MEDIA+SPACE<\/strong><\/h3><p class=\"description\">Un prix qui place l&rsquo;IA au c\u0153ur de son concept doit aussi respirer l\u2019avenir dans sa mise en sc\u00e8ne. Il s&rsquo;agit de cr\u00e9er un espace qui non seulement informe, mais fascine \u2013 un lieu o\u00f9 la lumi\u00e8re, le mouvement et l&rsquo;interaction rendent les possibilit\u00e9s de l&rsquo;IA tangibles. Un endroit qui ne se contente pas d\u2019offrir une sc\u00e8ne, mais qui d\u00e9ploie un r\u00e9cit captivant. AIM ETHIX l\u2019a bien compris et \u00e9tablit de nouveaux standards en mati\u00e8re de mise en sc\u00e8ne. Nous sommes ravis d\u2019\u00eatre partenaires dans cette r\u00e9alisation, afin de rendre le message du prix vivant \u00e0 travers l\u2019espace et l\u2019atmosph\u00e8re.    <br><br><br><br> <\/p><\/div><\/div><\/div><\/div><\/div>\n<\/div>\n\n\n\n<div class=\"wp-block-column is-layout-flow wp-block-column-is-layout-flow\">\n<div class=\"wp-block-essential-blocks-infobox root-eb-infobox-99pem\"><div class=\"eb-parent-wrapper eb-parent-eb-infobox-99pem \"><div class=\"eb-infobox-99pem eb-infobox-wrapper\"><div class=\"infobox-wrapper-inner\"><div class=\"icon-img-wrapper\"><div class=\"eb-infobox-image-wrapper\"><img decoding=\"async\" class=\"eb-infobox-image\" src=\"https:\/\/foundationmetaverse.eu\/wp-content\/uploads\/2025\/02\/Dwayne-Iserief.jpeg\" alt=\"\"><\/div><\/div><div class=\"contents-wrapper\"><h2 class=\"title\">Dwayne Iserief<\/h2><h3 class=\"subtitle\"><strong>Co-fondateur et directeur des op\u00e9rations chez Uptale<\/strong><\/h3><p class=\"description\">L&rsquo;intelligence artificielle modifie fondamentalement nos environnements de travail &#8211; en particulier lorsqu&rsquo;elle est associ\u00e9e au m\u00e9tavers. Les formations bas\u00e9es sur l&rsquo;IA montrent d\u00e9j\u00e0 que les utilisateurs peuvent d\u00e9velopper leurs comp\u00e9tences de z\u00e9ro \u00e0 cent en un rien de temps. Il suffit de bien utiliser l&rsquo;IA ! L&rsquo;acceptation est cruciale \u00e0 cet \u00e9gard &#8211; toute h\u00e9sitation pourrait faire reculer l&rsquo;Europe de plusieurs ann\u00e9es par rapport aux r\u00e9gions concurrentes. AIM ETHIX prend au s\u00e9rieux les pr\u00e9occupations des utilisateurs et s&rsquo;interroge sur ce qui compte vraiment en termes d&rsquo;utilit\u00e9 sociale, d&rsquo;autod\u00e9termination, de s\u00e9curit\u00e9 et de responsabilit\u00e9. Cette approche implique activement les utilisateurs et \u00e9veille leur curiosit\u00e9 quant \u00e0 l&rsquo;int\u00e9gration des possibilit\u00e9s modernes dans leur vie quotidienne.     <\/p><\/div><\/div><\/div><\/div><\/div>\n<\/div>\n<\/div>\n\n\n\n<div class=\"wp-block-columns is-layout-flex wp-container-core-columns-is-layout-8 wp-block-columns-is-layout-flex\">\n<div class=\"wp-block-column is-layout-flow wp-block-column-is-layout-flow\">\n<div class=\"wp-block-essential-blocks-infobox root-eb-infobox-j8mma\"><div class=\"eb-parent-wrapper eb-parent-eb-infobox-j8mma \"><div class=\"eb-infobox-j8mma eb-infobox-wrapper\"><div class=\"infobox-wrapper-inner\"><div class=\"icon-img-wrapper\"><div class=\"eb-infobox-image-wrapper\"><img decoding=\"async\" class=\"eb-infobox-image\" src=\"https:\/\/foundationmetaverse.eu\/wp-content\/uploads\/2025\/03\/Christian-Ruecker.jpeg\" alt=\"\"><\/div><\/div><div class=\"contents-wrapper\"><h2 class=\"title\">Christian R\u00fccker<\/h2><h3 class=\"subtitle\"><strong>Christian R\u00fccker, membre du conseil d&rsquo;administration d&rsquo;ARDOR SE<\/strong><\/h3><p class=\"description\">Dans la perspective de la cybercriminalit\u00e9 croissante, nous avons besoin d&rsquo;un partenaire fort comme l&rsquo;IA, car les attaques et les agressions sont men\u00e9es \u00e0 l&rsquo;aide de l&rsquo;IA : pour bien se d\u00e9fendre, il faut des armes de m\u00eame puissance. Cela n\u00e9cessite des investissements, tant en temps qu&rsquo;en argent. Plus nous serons tous comp\u00e9tents en mati\u00e8re d&rsquo;IA, plus il sera facile pour les entreprises de mettre en \u0153uvre cette transformation interne. C&rsquo;est pourquoi je salue des initiatives telles que l&rsquo;AIM ETHIX, qui traite entre autres du th\u00e8me \u00e9thique de la s\u00e9curit\u00e9. C&rsquo;est ainsi qu&rsquo;une soci\u00e9t\u00e9 peut devenir s\u00fbre pour l&rsquo;avenir &#8211; s\u00fbre dans l&rsquo;utilisation souveraine de l&rsquo;IA, et s\u00fbre dans la d\u00e9fense contre les cyberattaques. Investir dans la s\u00e9curit\u00e9 est l&rsquo;une des meilleures d\u00e9cisions que l&rsquo;on puisse prendre \u00e0 long terme.     <\/p><\/div><\/div><\/div><\/div><\/div>\n<\/div>\n\n\n\n<div class=\"wp-block-column is-layout-flow wp-block-column-is-layout-flow\">\n<div class=\"wp-block-essential-blocks-infobox root-eb-infobox-utf8z\"><div class=\"eb-parent-wrapper eb-parent-eb-infobox-utf8z \"><div class=\"eb-infobox-utf8z eb-infobox-wrapper\"><div class=\"infobox-wrapper-inner\"><div class=\"icon-img-wrapper\"><div class=\"eb-infobox-image-wrapper\"><img decoding=\"async\" class=\"eb-infobox-image\" src=\"https:\/\/foundationmetaverse.eu\/wp-content\/uploads\/2025\/03\/Gerd.F.Schultze.jpg\" alt=\"\"><\/div><\/div><div class=\"contents-wrapper\"><h2 class=\"title\"><strong>Gerd F. Schultze<\/strong><\/h2><h3 class=\"subtitle\"><strong>Gerd F. Schultze, CEO Music-Delight GmbH<\/strong><\/h3><p class=\"description\">Je suis heureux de me joindre \u00e0 l&rsquo;AIM ETHIX et \u00e0 ses partenaires pour soutenir le prix lors de son ann\u00e9e de lancement, avec l&rsquo;intention d&rsquo;ajouter une cat\u00e9gorie de prix \u00e0 l&rsquo;AIM ETHIX MUSIC AWARD d\u00e8s l&rsquo;ann\u00e9e suivante ! Ceux qui d\u00e9veloppent des formats transfrontaliers le font parce qu&rsquo;ils sont conscients de la force de rayonnement que poss\u00e8dent de tels \u00e9v\u00e9nements. L&rsquo;AIM ETHIX, avec son concept paneurop\u00e9en, est un format convaincant, et nous avons besoin de tels formats pour aborder de mani\u00e8re proactive le th\u00e8me important de l&rsquo;IA et de l&rsquo;\u00e9thique. Au lieu de r\u00e9agir uniquement aux nouveaut\u00e9s ext\u00e9rieures, il s&rsquo;agit de participer \u00e0 l&rsquo;\u00e9laboration de ce qui vient. Ne perdons pas de vue les d\u00e9veloppements actuels !    <\/p><\/div><\/div><\/div><\/div><\/div>\n<\/div>\n<\/div>\n\n\n\n<div class=\"wp-block-columns is-layout-flex wp-container-core-columns-is-layout-9 wp-block-columns-is-layout-flex\">\n<div class=\"wp-block-column is-layout-flow wp-block-column-is-layout-flow\">\n<div class=\"wp-block-essential-blocks-infobox root-eb-infobox-ddeq6\"><div class=\"eb-parent-wrapper eb-parent-eb-infobox-ddeq6 \"><div class=\"eb-infobox-ddeq6 eb-infobox-wrapper\"><div class=\"infobox-wrapper-inner\"><div class=\"icon-img-wrapper\"><div class=\"eb-infobox-image-wrapper\"><img decoding=\"async\" class=\"eb-infobox-image\" src=\"https:\/\/foundationmetaverse.eu\/wp-content\/uploads\/2025\/03\/David-Bennett.png\" alt=\"\"><\/div><\/div><div class=\"contents-wrapper\"><h2 class=\"title\">David Bennett<\/h2><h3 class=\"subtitle\"><strong>Visionary Founder &amp; CEO <\/strong><br><strong>of Mimic Productions<\/strong><\/h3><p class=\"description\">Dans le domaine des personnes num\u00e9riques et de l&rsquo;intelligence artificielle, l&rsquo;imagination n&rsquo;a pas de limites et l&rsquo;avenir est entre nos mains. L&rsquo;\u00e9thique joue un r\u00f4le crucial, car ces technologies fa\u00e7onnent les interactions, influencent la soci\u00e9t\u00e9 et red\u00e9finissent l&rsquo;identit\u00e9. Garantir la transparence, l&rsquo;inclusion et la responsabilit\u00e9 est essentiel pour un avenir responsable.  <br><br><\/p><\/div><\/div><\/div><\/div><\/div>\n<\/div>\n\n\n\n<div class=\"wp-block-column is-layout-flow wp-block-column-is-layout-flow\">\n<div class=\"wp-block-essential-blocks-infobox root-eb-infobox-gx3zz\"><div class=\"eb-parent-wrapper eb-parent-eb-infobox-gx3zz \"><div class=\"eb-infobox-gx3zz eb-infobox-wrapper\"><div class=\"infobox-wrapper-inner\"><div class=\"icon-img-wrapper\"><div class=\"eb-infobox-image-wrapper\"><img decoding=\"async\" class=\"eb-infobox-image\" src=\"https:\/\/foundationmetaverse.eu\/wp-content\/uploads\/2025\/02\/Peter-Antoni.jpg\" alt=\"\"><\/div><\/div><div class=\"contents-wrapper\"><h2 class=\"title\">Peter Antoni<\/h2><h3 class=\"subtitle\"><strong>Director Business Development bei <\/strong><br><strong>Time Change GmbH<\/strong><\/h3><p class=\"description\">L&rsquo;IA change tout en profondeur, et plus particuli\u00e8rement la communication.<br>la communication. Il est donc d&rsquo;autant plus important d&rsquo;utiliser les nouvelles technologies de mani\u00e8re \u00e9thique et responsable.<br>nouvelles applications. Et l\u00e0 encore, une approche positive pour<br>s&rsquo;assurer que l&rsquo;IA est et reste notre \u00ab amie \u00bb. Et si, en plus, il y a<br>une c\u00e9r\u00e9monie de remise de prix r\u00e9compense les diff\u00e9rents aspects de la nouvelle coop\u00e9ration entre l&rsquo;homme et l&rsquo;ordinateur.<br>L&rsquo;homme et l&rsquo;intelligence artificielle, alors Time Change veut \u00eatre de la partie.   <\/p><\/div><\/div><\/div><\/div><\/div>\n<\/div>\n<\/div>\n\n\n\n<div class=\"wp-block-essential-blocks-infobox alignfull root-eb-infobox-ttv9i\"><div class=\"eb-parent-wrapper eb-parent-eb-infobox-ttv9i \"><div class=\"eb-infobox-ttv9i eb-infobox-wrapper\"><div class=\"infobox-wrapper-inner\"><div class=\"icon-img-wrapper\"><div class=\"eb-icon number-or-icon\"><span class=\"dashicon dashicons dashicons-admin-users eb-infobox-icon-data-selector\"><\/span><\/div><\/div><div class=\"contents-wrapper\"><h2 class=\"title\"><a href=\"https:\/\/foundationmetaverse.eu\/team-aim-ethix\">Vos contacts pour l&rsquo;AIM ETHIX<\/a><\/h2><\/div><\/div><\/div><\/div><\/div>\n\n\n\n<div style=\"height:85px\" aria-hidden=\"true\" class=\"wp-block-spacer\"><\/div>\n\n\n\n<p class=\"has-white-color has-text-color has-background has-link-color has-small-font-size wp-elements-485a9e19a435fbc73db84ee4d44ba266\" style=\"background-color:#0d324d\">Avec nos sinc\u00e8res remerciements \u00e0 TAMSCHICK EXHIBITION VENTURES GMBH pour la cr\u00e9ation de notre logo.<\/p>\n\n\n\n<p><\/p>\n","protected":false},"excerpt":{"rendered":"<p>Protection de la vie humaine L&rsquo;autonomie dans l&rsquo;IA Le prix AIM ETHIX, qui se tiendra simultan\u00e9ment \u00e0 Paris et \u00e0 Berlin en 2026, r\u00e9compense des projets d&rsquo;IA exceptionnels pour leur impact \u00e9thique et \u00e9conomique. Inspir\u00e9 des grandes r\u00e9compenses cin\u00e9matographiques, il allie divertissement et reconnaissance pour mettre en avant des solutions d&rsquo;IA de valeur qui allient progr\u00e8s technologique et autonomie individuelle. [&hellip;]<\/p>\n","protected":false},"author":3,"featured_media":0,"parent":0,"menu_order":0,"comment_status":"closed","ping_status":"closed","template":"","meta":{"_acf_changed":false,"_eb_attr":"","_EventAllDay":false,"_EventTimezone":"","_EventStartDate":"","_EventEndDate":"","_EventStartDateUTC":"","_EventEndDateUTC":"","_EventShowMap":false,"_EventShowMapLink":false,"_EventURL":"","_EventCost":"","_EventCostDescription":"","_EventCurrencySymbol":"","_EventCurrencyCode":"","_EventCurrencyPosition":"","_EventDateTimeSeparator":"","_EventTimeRangeSeparator":"","_EventOrganizerID":[],"_EventVenueID":[],"_OrganizerEmail":"","_OrganizerPhone":"","_OrganizerWebsite":"","_VenueAddress":"","_VenueCity":"","_VenueCountry":"","_VenueProvince":"","_VenueState":"","_VenueZip":"","_VenuePhone":"","_VenueURL":"","_VenueStateProvince":"","_VenueLat":"","_VenueLng":"","_VenueShowMap":false,"_VenueShowMapLink":false,"footnotes":""},"class_list":["post-4779","page","type-page","status-publish","hentry"],"acf":[],"yoast_head":"<!-- This site is optimized with the Yoast SEO plugin v26.8 - https:\/\/yoast.com\/product\/yoast-seo-wordpress\/ -->\n<title>Aim Ethix - Foundation Metaverse Europe<\/title>\n<meta name=\"robots\" content=\"index, follow, max-snippet:-1, max-image-preview:large, max-video-preview:-1\" \/>\n<link rel=\"canonical\" href=\"https:\/\/foundationmetaverse.eu\/fr\/aim-ethix\" \/>\n<meta property=\"og:locale\" content=\"fr_FR\" \/>\n<meta property=\"og:type\" content=\"article\" \/>\n<meta property=\"og:title\" content=\"Aim Ethix - Foundation Metaverse Europe\" \/>\n<meta property=\"og:description\" content=\"Protection de la vie humaine L&rsquo;autonomie dans l&rsquo;IA Le prix AIM ETHIX, qui se tiendra simultan\u00e9ment \u00e0 Paris et \u00e0 Berlin en 2026, r\u00e9compense des projets d&rsquo;IA exceptionnels pour leur impact \u00e9thique et \u00e9conomique. Inspir\u00e9 des grandes r\u00e9compenses cin\u00e9matographiques, il allie divertissement et reconnaissance pour mettre en avant des solutions d&rsquo;IA de valeur qui allient progr\u00e8s technologique et autonomie individuelle. [&hellip;]\" \/>\n<meta property=\"og:url\" content=\"https:\/\/foundationmetaverse.eu\/fr\/aim-ethix\" \/>\n<meta property=\"og:site_name\" content=\"Foundation Metaverse Europe\" \/>\n<meta property=\"article:modified_time\" content=\"2025-04-11T08:56:54+00:00\" \/>\n<meta property=\"og:image\" content=\"https:\/\/foundationmetaverse.eu\/wp-content\/uploads\/2025\/04\/AIM_ETHIX_LOGO_COLOR_WHITE.png\" \/>\n\t<meta property=\"og:image:width\" content=\"6799\" \/>\n\t<meta property=\"og:image:height\" content=\"2592\" \/>\n\t<meta property=\"og:image:type\" content=\"image\/png\" \/>\n<meta name=\"twitter:card\" content=\"summary_large_image\" \/>\n<meta name=\"twitter:label1\" content=\"Dur\u00e9e de lecture estim\u00e9e\" \/>\n\t<meta name=\"twitter:data1\" content=\"7 minutes\" \/>\n<script type=\"application\/ld+json\" class=\"yoast-schema-graph\">{\"@context\":\"https:\/\/schema.org\",\"@graph\":[{\"@type\":\"WebPage\",\"@id\":\"https:\/\/foundationmetaverse.eu\/fr\/aim-ethix\",\"url\":\"https:\/\/foundationmetaverse.eu\/fr\/aim-ethix\",\"name\":\"Aim Ethix - Foundation Metaverse Europe\",\"isPartOf\":{\"@id\":\"https:\/\/foundationmetaverse.eu\/fr#website\"},\"primaryImageOfPage\":{\"@id\":\"https:\/\/foundationmetaverse.eu\/fr\/aim-ethix#primaryimage\"},\"image\":{\"@id\":\"https:\/\/foundationmetaverse.eu\/fr\/aim-ethix#primaryimage\"},\"thumbnailUrl\":\"https:\/\/foundationmetaverse.eu\/wp-content\/uploads\/2025\/04\/AIM_ETHIX_LOGO_COLOR_WHITE-1024x390.png\",\"datePublished\":\"2025-02-21T15:04:32+00:00\",\"dateModified\":\"2025-04-11T08:56:54+00:00\",\"breadcrumb\":{\"@id\":\"https:\/\/foundationmetaverse.eu\/fr\/aim-ethix#breadcrumb\"},\"inLanguage\":\"fr-FR\",\"potentialAction\":[{\"@type\":\"ReadAction\",\"target\":[\"https:\/\/foundationmetaverse.eu\/fr\/aim-ethix\"]}]},{\"@type\":\"ImageObject\",\"inLanguage\":\"fr-FR\",\"@id\":\"https:\/\/foundationmetaverse.eu\/fr\/aim-ethix#primaryimage\",\"url\":\"https:\/\/foundationmetaverse.eu\/wp-content\/uploads\/2025\/04\/AIM_ETHIX_LOGO_COLOR_WHITE-1024x390.png\",\"contentUrl\":\"https:\/\/foundationmetaverse.eu\/wp-content\/uploads\/2025\/04\/AIM_ETHIX_LOGO_COLOR_WHITE-1024x390.png\"},{\"@type\":\"BreadcrumbList\",\"@id\":\"https:\/\/foundationmetaverse.eu\/fr\/aim-ethix#breadcrumb\",\"itemListElement\":[{\"@type\":\"ListItem\",\"position\":1,\"name\":\"Startseite\",\"item\":\"https:\/\/foundationmetaverse.eu\/fr\"},{\"@type\":\"ListItem\",\"position\":2,\"name\":\"Aim Ethix\"}]},{\"@type\":\"WebSite\",\"@id\":\"https:\/\/foundationmetaverse.eu\/fr#website\",\"url\":\"https:\/\/foundationmetaverse.eu\/fr\",\"name\":\"Foundation Metaverse Europe\",\"description\":\"We anchor European values in the mind and heart of the Metaverse.\",\"publisher\":{\"@id\":\"https:\/\/foundationmetaverse.eu\/fr#organization\"},\"potentialAction\":[{\"@type\":\"SearchAction\",\"target\":{\"@type\":\"EntryPoint\",\"urlTemplate\":\"https:\/\/foundationmetaverse.eu\/fr?s={search_term_string}\"},\"query-input\":{\"@type\":\"PropertyValueSpecification\",\"valueRequired\":true,\"valueName\":\"search_term_string\"}}],\"inLanguage\":\"fr-FR\"},{\"@type\":\"Organization\",\"@id\":\"https:\/\/foundationmetaverse.eu\/fr#organization\",\"name\":\"Foundation Metaverse Europe\",\"url\":\"https:\/\/foundationmetaverse.eu\/fr\",\"logo\":{\"@type\":\"ImageObject\",\"inLanguage\":\"fr-FR\",\"@id\":\"https:\/\/foundationmetaverse.eu\/fr#\/schema\/logo\/image\/\",\"url\":\"https:\/\/foundationmetaverse.eu\/wp-content\/uploads\/2022\/04\/FME_Logo_AllBlack_Small.png\",\"contentUrl\":\"https:\/\/foundationmetaverse.eu\/wp-content\/uploads\/2022\/04\/FME_Logo_AllBlack_Small.png\",\"width\":600,\"height\":262,\"caption\":\"Foundation Metaverse Europe\"},\"image\":{\"@id\":\"https:\/\/foundationmetaverse.eu\/fr#\/schema\/logo\/image\/\"},\"sameAs\":[\"https:\/\/www.linkedin.com\/company\/foundation-metaverse-europe\/\"]}]}<\/script>\n<!-- \/ Yoast SEO plugin. -->","yoast_head_json":{"title":"Aim Ethix - Foundation Metaverse Europe","robots":{"index":"index","follow":"follow","max-snippet":"max-snippet:-1","max-image-preview":"max-image-preview:large","max-video-preview":"max-video-preview:-1"},"canonical":"https:\/\/foundationmetaverse.eu\/fr\/aim-ethix","og_locale":"fr_FR","og_type":"article","og_title":"Aim Ethix - Foundation Metaverse Europe","og_description":"Protection de la vie humaine L&rsquo;autonomie dans l&rsquo;IA Le prix AIM ETHIX, qui se tiendra simultan\u00e9ment \u00e0 Paris et \u00e0 Berlin en 2026, r\u00e9compense des projets d&rsquo;IA exceptionnels pour leur impact \u00e9thique et \u00e9conomique. Inspir\u00e9 des grandes r\u00e9compenses cin\u00e9matographiques, il allie divertissement et reconnaissance pour mettre en avant des solutions d&rsquo;IA de valeur qui allient progr\u00e8s technologique et autonomie individuelle. [&hellip;]","og_url":"https:\/\/foundationmetaverse.eu\/fr\/aim-ethix","og_site_name":"Foundation Metaverse Europe","article_modified_time":"2025-04-11T08:56:54+00:00","og_image":[{"width":6799,"height":2592,"url":"https:\/\/foundationmetaverse.eu\/wp-content\/uploads\/2025\/04\/AIM_ETHIX_LOGO_COLOR_WHITE.png","type":"image\/png"}],"twitter_card":"summary_large_image","twitter_misc":{"Dur\u00e9e de lecture estim\u00e9e":"7 minutes"},"schema":{"@context":"https:\/\/schema.org","@graph":[{"@type":"WebPage","@id":"https:\/\/foundationmetaverse.eu\/fr\/aim-ethix","url":"https:\/\/foundationmetaverse.eu\/fr\/aim-ethix","name":"Aim Ethix - Foundation Metaverse Europe","isPartOf":{"@id":"https:\/\/foundationmetaverse.eu\/fr#website"},"primaryImageOfPage":{"@id":"https:\/\/foundationmetaverse.eu\/fr\/aim-ethix#primaryimage"},"image":{"@id":"https:\/\/foundationmetaverse.eu\/fr\/aim-ethix#primaryimage"},"thumbnailUrl":"https:\/\/foundationmetaverse.eu\/wp-content\/uploads\/2025\/04\/AIM_ETHIX_LOGO_COLOR_WHITE-1024x390.png","datePublished":"2025-02-21T15:04:32+00:00","dateModified":"2025-04-11T08:56:54+00:00","breadcrumb":{"@id":"https:\/\/foundationmetaverse.eu\/fr\/aim-ethix#breadcrumb"},"inLanguage":"fr-FR","potentialAction":[{"@type":"ReadAction","target":["https:\/\/foundationmetaverse.eu\/fr\/aim-ethix"]}]},{"@type":"ImageObject","inLanguage":"fr-FR","@id":"https:\/\/foundationmetaverse.eu\/fr\/aim-ethix#primaryimage","url":"https:\/\/foundationmetaverse.eu\/wp-content\/uploads\/2025\/04\/AIM_ETHIX_LOGO_COLOR_WHITE-1024x390.png","contentUrl":"https:\/\/foundationmetaverse.eu\/wp-content\/uploads\/2025\/04\/AIM_ETHIX_LOGO_COLOR_WHITE-1024x390.png"},{"@type":"BreadcrumbList","@id":"https:\/\/foundationmetaverse.eu\/fr\/aim-ethix#breadcrumb","itemListElement":[{"@type":"ListItem","position":1,"name":"Startseite","item":"https:\/\/foundationmetaverse.eu\/fr"},{"@type":"ListItem","position":2,"name":"Aim Ethix"}]},{"@type":"WebSite","@id":"https:\/\/foundationmetaverse.eu\/fr#website","url":"https:\/\/foundationmetaverse.eu\/fr","name":"Foundation Metaverse Europe","description":"We anchor European values in the mind and heart of the Metaverse.","publisher":{"@id":"https:\/\/foundationmetaverse.eu\/fr#organization"},"potentialAction":[{"@type":"SearchAction","target":{"@type":"EntryPoint","urlTemplate":"https:\/\/foundationmetaverse.eu\/fr?s={search_term_string}"},"query-input":{"@type":"PropertyValueSpecification","valueRequired":true,"valueName":"search_term_string"}}],"inLanguage":"fr-FR"},{"@type":"Organization","@id":"https:\/\/foundationmetaverse.eu\/fr#organization","name":"Foundation Metaverse Europe","url":"https:\/\/foundationmetaverse.eu\/fr","logo":{"@type":"ImageObject","inLanguage":"fr-FR","@id":"https:\/\/foundationmetaverse.eu\/fr#\/schema\/logo\/image\/","url":"https:\/\/foundationmetaverse.eu\/wp-content\/uploads\/2022\/04\/FME_Logo_AllBlack_Small.png","contentUrl":"https:\/\/foundationmetaverse.eu\/wp-content\/uploads\/2022\/04\/FME_Logo_AllBlack_Small.png","width":600,"height":262,"caption":"Foundation Metaverse Europe"},"image":{"@id":"https:\/\/foundationmetaverse.eu\/fr#\/schema\/logo\/image\/"},"sameAs":["https:\/\/www.linkedin.com\/company\/foundation-metaverse-europe\/"]}]}},"jetpack_sharing_enabled":true,"_links":{"self":[{"href":"https:\/\/foundationmetaverse.eu\/fr\/wp-json\/wp\/v2\/pages\/4779","targetHints":{"allow":["GET"]}}],"collection":[{"href":"https:\/\/foundationmetaverse.eu\/fr\/wp-json\/wp\/v2\/pages"}],"about":[{"href":"https:\/\/foundationmetaverse.eu\/fr\/wp-json\/wp\/v2\/types\/page"}],"author":[{"embeddable":true,"href":"https:\/\/foundationmetaverse.eu\/fr\/wp-json\/wp\/v2\/users\/3"}],"replies":[{"embeddable":true,"href":"https:\/\/foundationmetaverse.eu\/fr\/wp-json\/wp\/v2\/comments?post=4779"}],"version-history":[{"count":18,"href":"https:\/\/foundationmetaverse.eu\/fr\/wp-json\/wp\/v2\/pages\/4779\/revisions"}],"predecessor-version":[{"id":5792,"href":"https:\/\/foundationmetaverse.eu\/fr\/wp-json\/wp\/v2\/pages\/4779\/revisions\/5792"}],"wp:attachment":[{"href":"https:\/\/foundationmetaverse.eu\/fr\/wp-json\/wp\/v2\/media?parent=4779"}],"curies":[{"name":"wp","href":"https:\/\/api.w.org\/{rel}","templated":true}]}}