{"id":5974,"date":"2025-04-14T14:25:46","date_gmt":"2025-04-14T12:25:46","guid":{"rendered":"https:\/\/foundationmetaverse.eu\/shift-maintenant-formez-demain"},"modified":"2025-04-14T15:04:24","modified_gmt":"2025-04-14T13:04:24","slug":"shift-maintenant-formez-demain","status":"publish","type":"page","link":"https:\/\/foundationmetaverse.eu\/fr\/shift-maintenant-formez-demain","title":{"rendered":"SHIFT maintenant, formez demain"},"content":{"rendered":"\n<div class=\"wp-block-media-text is-stacked-on-mobile\"><figure class=\"wp-block-media-text__media\"><img fetchpriority=\"high\" decoding=\"async\" width=\"1024\" height=\"729\" src=\"https:\/\/foundationmetaverse.eu\/wp-content\/uploads\/2025\/04\/Shift-now-shape-tomorrow-1-1024x729.jpeg\" alt=\"\" class=\"wp-image-5976 size-full\" srcset=\"https:\/\/foundationmetaverse.eu\/wp-content\/uploads\/2025\/04\/Shift-now-shape-tomorrow-1-1024x729.jpeg 1024w, https:\/\/foundationmetaverse.eu\/wp-content\/uploads\/2025\/04\/Shift-now-shape-tomorrow-1-300x214.jpeg 300w, https:\/\/foundationmetaverse.eu\/wp-content\/uploads\/2025\/04\/Shift-now-shape-tomorrow-1-768x547.jpeg 768w, https:\/\/foundationmetaverse.eu\/wp-content\/uploads\/2025\/04\/Shift-now-shape-tomorrow-1-1536x1093.jpeg 1536w, https:\/\/foundationmetaverse.eu\/wp-content\/uploads\/2025\/04\/Shift-now-shape-tomorrow-1-2048x1458.jpeg 2048w\" sizes=\"(max-width: 1024px) 100vw, 1024px\" \/><\/figure><div class=\"wp-block-media-text__content\">\n<h2 class=\"wp-block-heading\">Journ\u00e9e strat\u00e9gique AI et Metaverse<\/h2>\n\n\n\n<p><strong>Nous cr\u00e9ons une orientation dans un contexte de changement complexe<\/strong> &#8211; l\u00e0 o\u00f9 les dirigeants sont confront\u00e9s \u00e0 la fois \u00e0 la p\u00e9nurie de personnel, aux bouleversements num\u00e9riques et \u00e0 la pression croissante de l&rsquo;innovation, mais n&rsquo;ont souvent pas de strat\u00e9gie claire sur la mani\u00e8re d&rsquo;utiliser la technologie de mani\u00e8re pertinente, faisable et responsable.<\/p>\n<\/div><\/div>\n\n\n\n<div style=\"height:37px\" aria-hidden=\"true\" class=\"wp-block-spacer\"><\/div>\n\n\n\n<div class=\"wp-block-group has-background\" style=\"background-color:#2c95ff\"><div class=\"wp-block-group__inner-container is-layout-constrained wp-block-group-is-layout-constrained\">\n<div class=\"wp-block-columns is-layout-flex wp-container-core-columns-is-layout-1 wp-block-columns-is-layout-flex\">\n<div class=\"wp-block-column is-layout-flow wp-block-column-is-layout-flow\">\n<p class=\"has-white-color has-text-color has-link-color wp-elements-3fdf846454e28aabbd2f646efbcf0337\"><strong>Un leadership visionnaire &#8211; bas\u00e9 sur la technologie, humain et r\u00e9alisable<\/strong><br>Les dirigeants d&rsquo;aujourd&rsquo;hui sont confront\u00e9s \u00e0 une situation complexe :<br>p\u00e9nurie de comp\u00e9tences, transformation num\u00e9rique et changement culturel se conjuguent \u00e0 une pression croissante en mati\u00e8re d&rsquo;innovation et \u00e0 de nouvelles attentes en termes de sens, de flexibilit\u00e9 et de responsabilit\u00e9.<\/p>\n\n\n\n<p class=\"has-white-color has-text-color has-link-color wp-elements-f393899c67e6c18004877d4276de44f2\">Ce qui manque \u00e0 de nombreuses entreprises, c&rsquo;est un processus structur\u00e9 et transversal permettant pr\u00e9cis\u00e9ment de d\u00e9velopper des r\u00e9ponses technologiques viables dans ce contexte de tensions.<br><br><strong>C&rsquo;est pr\u00e9cis\u00e9ment l\u00e0 que nous intervenons.<\/strong><\/p>\n<\/div>\n\n\n\n<div class=\"wp-block-column is-layout-flow wp-block-column-is-layout-flow\">\n<p class=\"has-text-align-right has-white-color has-text-color has-link-color wp-elements-573d12614fb5ec9cc552183a83666a10\"><strong>Qui est concern\u00e9 ?<\/strong><\/p>\n\n\n\n<p class=\"has-white-color has-text-color has-link-color wp-elements-ea8663e4f2d427f1fb7dc2309b2ab152\"><strong>Nos conseils s&rsquo;adressent aux :<\/strong><\/p>\n\n\n\n<ul class=\"wp-block-list\">\n<li class=\"has-white-color has-text-color has-link-color wp-elements-e7b434c52276a39e63b494b19ec33ea8\">Cadres ayant des responsabilit\u00e9s strat\u00e9giques<\/li>\n\n\n\n<li class=\"has-white-color has-text-color has-link-color wp-elements-a326d59cee98bb10f14c58083cc1492b\">D\u00e9cideurs dans le domaine de la num\u00e9risation, de l&rsquo;informatique, des RH ou de la transformation<\/li>\n\n\n\n<li class=\"has-white-color has-text-color has-link-color wp-elements-e21dd3bf85cf3c786950c18c7071221d\">Des \u00e9quipes qui travaillent de mani\u00e8re transversale sur des sujets d&rsquo;avenir<\/li>\n\n\n\n<li class=\"has-white-color has-text-color has-link-color wp-elements-e3d66b4c5581e2699cd64b9cde06b62b\">Les organisations qui souhaitent apporter de la clart\u00e9, de la structure et du rythme \u00e0 leur strat\u00e9gie d&rsquo;IA<\/li>\n<\/ul>\n<\/div>\n<\/div>\n<\/div><\/div>\n\n\n\n<div style=\"height:37px\" aria-hidden=\"true\" class=\"wp-block-spacer\"><\/div>\n\n\n\n<h2 class=\"wp-block-heading has-large-font-size\">Notre approche : <br>structur\u00e9, efficace, cross-fonctionnel<\/h2>\n\n\n\n<p style=\"font-size:17px\">Nous cr\u00e9ons un espace pour une collaboration cibl\u00e9e &#8211; avec toutes les perspectives pertinentes : Direction, IT, RH et m\u00e9tiers. Notre mod\u00e9ration apporte une structure aux situations complexes, met en \u00e9vidence les points de friction et permet de prendre des d\u00e9cisions sur un pied d&rsquo;\u00e9galit\u00e9. <\/p>\n\n\n\n<p style=\"font-size:17px\">\ud83d\udd39 Nous d\u00e9finissons ensemble des objectifs clairs et des potentiels de cr\u00e9ation de valeur<br>\ud83d\udd39 Nous classons par ordre de priorit\u00e9 les options technologiques avec un horizon de mise en \u0153uvre r\u00e9aliste<br>\ud83d\udd39 Nous d\u00e9veloppons des cas d&rsquo;utilisation concrets &#8211; fond\u00e9s et strat\u00e9giquement connect\u00e9s<\/p>\n\n\n\n<p style=\"font-size:17px\">Qu&rsquo;il s&rsquo;agisse d&rsquo;intelligence artificielle pour all\u00e9ger les processus ou de XR pour renforcer la pr\u00e9sence et la collaboration, nous vous aidons \u00e0 classer les technologies, \u00e0 identifier leur valeur ajout\u00e9e et \u00e0 les rendre efficaces dans le bon contexte.<\/p>\n\n\n\n<div style=\"height:35px\" aria-hidden=\"true\" class=\"wp-block-spacer\"><\/div>\n\n\n\n<h3 class=\"wp-block-heading has-large-font-size\"><strong>Notre m\u00e9thode SHIFT &#8211; Clart\u00e9, int\u00e9grit\u00e9 et impact en cinq \u00e9tapes<\/strong><\/h3>\n\n\n\n<p class=\"has-medium-font-size\">Le progr\u00e8s technologique ne doit pas \u00eatre une fin en soi. C&rsquo;est pourquoi nous avons &nbsp;<strong>SHIFT<\/strong> &#8211; une approche de conseil structur\u00e9e qui apporte de la clart\u00e9, implique les personnes et associe les d\u00e9cisions commerciales aux possibilit\u00e9s technologiques.<br>La question centrale est toujours la suivante :&nbsp;<strong>Comment cr\u00e9er une valeur ajout\u00e9e r\u00e9elle et durable &#8211; en accord avec les valeurs et la responsabilit\u00e9 de l&rsquo;entreprise ?<\/strong><\/p>\n\n\n\n<p class=\"has-medium-font-size\"><strong>SHIFT signifie<\/strong><\/p>\n\n\n\n<ul class=\"wp-block-list\">\n<li style=\"font-size:17px\"><strong>S<\/strong>aisir les perspectives \u2013 Nous n\u2019analysons pas seulement les syst\u00e8mes, nous \u00e9coutons. Quelles sont les valeurs et visions qui fa\u00e7onnent l\u2019organisation ? <\/li>\n\n\n\n<li style=\"font-size:17px\"><strong>H<\/strong>armoniser les obstacles \u2013 Nous mettons en lumi\u00e8re les freins techniques, culturels et \u00e9thiques pour construire des solutions solides et pertinentes.<\/li>\n\n\n\n<li style=\"font-size:17px\"><strong>I<\/strong>nitiater des actions \u2013 Gr\u00e2ce \u00e0 des projets pilotes concrets, nous d\u00e9montrons l\u2019impact r\u00e9el d\u2019un usage responsable des technologies.<\/li>\n\n\n\n<li style=\"font-size:17px\"><strong>F<\/strong>onder sur les faits et les retours \u2013 Les d\u00e9cisions durables reposent sur la transparence, la r\u00e9flexion et la capacit\u00e9 \u00e0 apprendre.<\/li>\n\n\n\n<li style=\"font-size:17px\"><strong>T<\/strong>ravailler en \u00e9quipe \u2013 Car tout changement durable n\u00e9cessite de la confiance, de la co-responsabilit\u00e9 et une vision commune.<\/li>\n<\/ul>\n\n\n\n<div style=\"height:35px\" aria-hidden=\"true\" class=\"wp-block-spacer\"><\/div>\n\n\n\n<p class=\"has-medium-font-size\">Notre m\u00e9thode constitue le fondement de <strong>\u00ab\u00a0SHIFT now, shape tomorrow<\/strong> \u00a0\u00bb &#8211; un format de conseil qui allie transformation technologique et <strong>int\u00e9grit\u00e9 entrepreneuriale<\/strong>, <strong>pertinence strat\u00e9gique<\/strong> et <strong>valeur ajout\u00e9e \u00e0 long terme<\/strong>.<\/p>\n\n\n\n<div style=\"height:35px\" aria-hidden=\"true\" class=\"wp-block-spacer\"><\/div>\n\n\n\n<p class=\"has-text-align-center has-white-color has-text-color has-background has-link-color has-large-font-size wp-elements-70600bb4386f391f50557109c0320d20\" style=\"background-color:#2c95ff\"><strong>Le r\u00e9sultat : <\/strong><br><strong>un plan strat\u00e9gique AI viable<\/strong><\/p>\n\n\n\n<p class=\"has-medium-font-size\">Un nouvel \u00e9lan pour la culture, le leadership et la responsabilit\u00e9 technologique<\/p>\n\n\n\n<ul class=\"wp-block-list\">\n<li style=\"font-size:17px\">Une feuille de route concr\u00e8te et hi\u00e9rarchis\u00e9e pour 2-3 cas d&rsquo;utilisation<\/li>\n\n\n\n<li style=\"font-size:17px\">Un portefeuille de solutions d&rsquo;IA personnalis\u00e9es<\/li>\n\n\n\n<li style=\"font-size:17px\">Un plan Milestone clair pour les prochaines \u00e9tapes<\/li>\n\n\n\n<li style=\"font-size:17px\">Une base de d\u00e9cision commune pour les \u00e9quipes interfonctionnelles<\/li>\n<\/ul>\n\n\n\n<div style=\"height:63px\" aria-hidden=\"true\" class=\"wp-block-spacer\"><\/div>\n\n\n\n<h3 class=\"wp-block-heading has-large-font-size\"><strong>Des conseils qui font mouche &#8211; <\/strong><br><strong>Des connaissances qui font le tour du monde<\/strong><\/h3>\n\n\n\n<p>Nos formats de conseil strat\u00e9gique r\u00e9pondent \u00e0 une exigence claire : l&rsquo;impact ne se d\u00e9ploie pleinement que lorsque les connaissances sont partag\u00e9es et que la r\u00e9flexion se poursuit.<br>C&rsquo;est pourquoi nous documentons et r\u00e9fl\u00e9chissons aux principaux enseignements tir\u00e9s de nos conseils &#8211; et rendons accessibles \u00e0 d&rsquo;autres des id\u00e9es s\u00e9lectionn\u00e9es sous forme de <strong>livres blancs, de formats d&rsquo;impulsion ou de contenus d&rsquo;apprentissage num\u00e9riques<\/strong>.<\/p>\n\n\n\n<p>Il en r\u00e9sulte un pool de connaissances en pleine expansion, dont l&rsquo;impact d\u00e9passe le cadre de l&rsquo;organisation individuelle &#8211; et qui contribue au renforcement d&rsquo;une <strong>culture de gestion orient\u00e9e vers l&rsquo;int\u00e9r\u00eat g\u00e9n\u00e9ral, comp\u00e9tente en mati\u00e8re de technologie et consciente de ses responsabilit\u00e9s<\/strong>.<\/p>\n\n\n\n<p><\/p>\n","protected":false},"excerpt":{"rendered":"<p>Journ\u00e9e strat\u00e9gique AI et Metaverse Nous cr\u00e9ons une orientation dans un contexte de changement complexe &#8211; l\u00e0 o\u00f9 les dirigeants sont confront\u00e9s \u00e0 la fois \u00e0 la p\u00e9nurie de personnel, aux bouleversements num\u00e9riques et \u00e0 la pression croissante de l&rsquo;innovation, mais n&rsquo;ont souvent pas de strat\u00e9gie claire sur la mani\u00e8re d&rsquo;utiliser la technologie de mani\u00e8re pertinente, faisable et responsable. Un [&hellip;]<\/p>\n","protected":false},"author":3,"featured_media":0,"parent":0,"menu_order":0,"comment_status":"closed","ping_status":"closed","template":"","meta":{"_acf_changed":false,"_eb_attr":"","_EventAllDay":false,"_EventTimezone":"","_EventStartDate":"","_EventEndDate":"","_EventStartDateUTC":"","_EventEndDateUTC":"","_EventShowMap":false,"_EventShowMapLink":false,"_EventURL":"","_EventCost":"","_EventCostDescription":"","_EventCurrencySymbol":"","_EventCurrencyCode":"","_EventCurrencyPosition":"","_EventDateTimeSeparator":"","_EventTimeRangeSeparator":"","_EventOrganizerID":[],"_EventVenueID":[],"_OrganizerEmail":"","_OrganizerPhone":"","_OrganizerWebsite":"","_VenueAddress":"","_VenueCity":"","_VenueCountry":"","_VenueProvince":"","_VenueState":"","_VenueZip":"","_VenuePhone":"","_VenueURL":"","_VenueStateProvince":"","_VenueLat":"","_VenueLng":"","_VenueShowMap":false,"_VenueShowMapLink":false,"footnotes":""},"class_list":["post-5974","page","type-page","status-publish","hentry"],"acf":[],"yoast_head":"<!-- This site is optimized with the Yoast SEO plugin v26.8 - https:\/\/yoast.com\/product\/yoast-seo-wordpress\/ -->\n<title>SHIFT maintenant, formez demain - Foundation Metaverse Europe<\/title>\n<meta name=\"robots\" content=\"index, follow, max-snippet:-1, max-image-preview:large, max-video-preview:-1\" \/>\n<link rel=\"canonical\" href=\"https:\/\/foundationmetaverse.eu\/fr\/shift-maintenant-formez-demain\" \/>\n<meta property=\"og:locale\" content=\"fr_FR\" \/>\n<meta property=\"og:type\" content=\"article\" \/>\n<meta property=\"og:title\" content=\"SHIFT maintenant, formez demain - Foundation Metaverse Europe\" \/>\n<meta property=\"og:description\" content=\"Journ\u00e9e strat\u00e9gique AI et Metaverse Nous cr\u00e9ons une orientation dans un contexte de changement complexe &#8211; l\u00e0 o\u00f9 les dirigeants sont confront\u00e9s \u00e0 la fois \u00e0 la p\u00e9nurie de personnel, aux bouleversements num\u00e9riques et \u00e0 la pression croissante de l&rsquo;innovation, mais n&rsquo;ont souvent pas de strat\u00e9gie claire sur la mani\u00e8re d&rsquo;utiliser la technologie de mani\u00e8re pertinente, faisable et responsable. Un [&hellip;]\" \/>\n<meta property=\"og:url\" content=\"https:\/\/foundationmetaverse.eu\/fr\/shift-maintenant-formez-demain\" \/>\n<meta property=\"og:site_name\" content=\"Foundation Metaverse Europe\" \/>\n<meta property=\"article:modified_time\" content=\"2025-04-14T13:04:24+00:00\" \/>\n<meta property=\"og:image\" content=\"https:\/\/foundationmetaverse.eu\/wp-content\/uploads\/2025\/04\/Shift-now-shape-tomorrow-1-scaled.jpeg\" \/>\n\t<meta property=\"og:image:width\" content=\"2560\" \/>\n\t<meta property=\"og:image:height\" content=\"1822\" \/>\n\t<meta property=\"og:image:type\" content=\"image\/jpeg\" \/>\n<meta name=\"twitter:card\" content=\"summary_large_image\" \/>\n<meta name=\"twitter:label1\" content=\"Dur\u00e9e de lecture estim\u00e9e\" \/>\n\t<meta name=\"twitter:data1\" content=\"4 minutes\" \/>\n<script type=\"application\/ld+json\" class=\"yoast-schema-graph\">{\"@context\":\"https:\/\/schema.org\",\"@graph\":[{\"@type\":\"WebPage\",\"@id\":\"https:\/\/foundationmetaverse.eu\/fr\/shift-maintenant-formez-demain\",\"url\":\"https:\/\/foundationmetaverse.eu\/fr\/shift-maintenant-formez-demain\",\"name\":\"SHIFT maintenant, formez demain - Foundation Metaverse Europe\",\"isPartOf\":{\"@id\":\"https:\/\/foundationmetaverse.eu\/fr#website\"},\"primaryImageOfPage\":{\"@id\":\"https:\/\/foundationmetaverse.eu\/fr\/shift-maintenant-formez-demain#primaryimage\"},\"image\":{\"@id\":\"https:\/\/foundationmetaverse.eu\/fr\/shift-maintenant-formez-demain#primaryimage\"},\"thumbnailUrl\":\"https:\/\/foundationmetaverse.eu\/wp-content\/uploads\/2025\/04\/Shift-now-shape-tomorrow-1-1024x729.jpeg\",\"datePublished\":\"2025-04-14T12:25:46+00:00\",\"dateModified\":\"2025-04-14T13:04:24+00:00\",\"breadcrumb\":{\"@id\":\"https:\/\/foundationmetaverse.eu\/fr\/shift-maintenant-formez-demain#breadcrumb\"},\"inLanguage\":\"fr-FR\",\"potentialAction\":[{\"@type\":\"ReadAction\",\"target\":[\"https:\/\/foundationmetaverse.eu\/fr\/shift-maintenant-formez-demain\"]}]},{\"@type\":\"ImageObject\",\"inLanguage\":\"fr-FR\",\"@id\":\"https:\/\/foundationmetaverse.eu\/fr\/shift-maintenant-formez-demain#primaryimage\",\"url\":\"https:\/\/foundationmetaverse.eu\/wp-content\/uploads\/2025\/04\/Shift-now-shape-tomorrow-1-1024x729.jpeg\",\"contentUrl\":\"https:\/\/foundationmetaverse.eu\/wp-content\/uploads\/2025\/04\/Shift-now-shape-tomorrow-1-1024x729.jpeg\"},{\"@type\":\"BreadcrumbList\",\"@id\":\"https:\/\/foundationmetaverse.eu\/fr\/shift-maintenant-formez-demain#breadcrumb\",\"itemListElement\":[{\"@type\":\"ListItem\",\"position\":1,\"name\":\"Startseite\",\"item\":\"https:\/\/foundationmetaverse.eu\/fr\"},{\"@type\":\"ListItem\",\"position\":2,\"name\":\"SHIFT maintenant, formez demain\"}]},{\"@type\":\"WebSite\",\"@id\":\"https:\/\/foundationmetaverse.eu\/fr#website\",\"url\":\"https:\/\/foundationmetaverse.eu\/fr\",\"name\":\"Foundation Metaverse Europe\",\"description\":\"We anchor European values in the mind and heart of the Metaverse.\",\"publisher\":{\"@id\":\"https:\/\/foundationmetaverse.eu\/fr#organization\"},\"potentialAction\":[{\"@type\":\"SearchAction\",\"target\":{\"@type\":\"EntryPoint\",\"urlTemplate\":\"https:\/\/foundationmetaverse.eu\/fr?s={search_term_string}\"},\"query-input\":{\"@type\":\"PropertyValueSpecification\",\"valueRequired\":true,\"valueName\":\"search_term_string\"}}],\"inLanguage\":\"fr-FR\"},{\"@type\":\"Organization\",\"@id\":\"https:\/\/foundationmetaverse.eu\/fr#organization\",\"name\":\"Foundation Metaverse Europe\",\"url\":\"https:\/\/foundationmetaverse.eu\/fr\",\"logo\":{\"@type\":\"ImageObject\",\"inLanguage\":\"fr-FR\",\"@id\":\"https:\/\/foundationmetaverse.eu\/fr#\/schema\/logo\/image\/\",\"url\":\"https:\/\/foundationmetaverse.eu\/wp-content\/uploads\/2022\/04\/FME_Logo_AllBlack_Small.png\",\"contentUrl\":\"https:\/\/foundationmetaverse.eu\/wp-content\/uploads\/2022\/04\/FME_Logo_AllBlack_Small.png\",\"width\":600,\"height\":262,\"caption\":\"Foundation Metaverse Europe\"},\"image\":{\"@id\":\"https:\/\/foundationmetaverse.eu\/fr#\/schema\/logo\/image\/\"},\"sameAs\":[\"https:\/\/www.linkedin.com\/company\/foundation-metaverse-europe\/\"]}]}<\/script>\n<!-- \/ Yoast SEO plugin. -->","yoast_head_json":{"title":"SHIFT maintenant, formez demain - Foundation Metaverse Europe","robots":{"index":"index","follow":"follow","max-snippet":"max-snippet:-1","max-image-preview":"max-image-preview:large","max-video-preview":"max-video-preview:-1"},"canonical":"https:\/\/foundationmetaverse.eu\/fr\/shift-maintenant-formez-demain","og_locale":"fr_FR","og_type":"article","og_title":"SHIFT maintenant, formez demain - Foundation Metaverse Europe","og_description":"Journ\u00e9e strat\u00e9gique AI et Metaverse Nous cr\u00e9ons une orientation dans un contexte de changement complexe &#8211; l\u00e0 o\u00f9 les dirigeants sont confront\u00e9s \u00e0 la fois \u00e0 la p\u00e9nurie de personnel, aux bouleversements num\u00e9riques et \u00e0 la pression croissante de l&rsquo;innovation, mais n&rsquo;ont souvent pas de strat\u00e9gie claire sur la mani\u00e8re d&rsquo;utiliser la technologie de mani\u00e8re pertinente, faisable et responsable. Un [&hellip;]","og_url":"https:\/\/foundationmetaverse.eu\/fr\/shift-maintenant-formez-demain","og_site_name":"Foundation Metaverse Europe","article_modified_time":"2025-04-14T13:04:24+00:00","og_image":[{"width":2560,"height":1822,"url":"https:\/\/foundationmetaverse.eu\/wp-content\/uploads\/2025\/04\/Shift-now-shape-tomorrow-1-scaled.jpeg","type":"image\/jpeg"}],"twitter_card":"summary_large_image","twitter_misc":{"Dur\u00e9e de lecture estim\u00e9e":"4 minutes"},"schema":{"@context":"https:\/\/schema.org","@graph":[{"@type":"WebPage","@id":"https:\/\/foundationmetaverse.eu\/fr\/shift-maintenant-formez-demain","url":"https:\/\/foundationmetaverse.eu\/fr\/shift-maintenant-formez-demain","name":"SHIFT maintenant, formez demain - Foundation Metaverse Europe","isPartOf":{"@id":"https:\/\/foundationmetaverse.eu\/fr#website"},"primaryImageOfPage":{"@id":"https:\/\/foundationmetaverse.eu\/fr\/shift-maintenant-formez-demain#primaryimage"},"image":{"@id":"https:\/\/foundationmetaverse.eu\/fr\/shift-maintenant-formez-demain#primaryimage"},"thumbnailUrl":"https:\/\/foundationmetaverse.eu\/wp-content\/uploads\/2025\/04\/Shift-now-shape-tomorrow-1-1024x729.jpeg","datePublished":"2025-04-14T12:25:46+00:00","dateModified":"2025-04-14T13:04:24+00:00","breadcrumb":{"@id":"https:\/\/foundationmetaverse.eu\/fr\/shift-maintenant-formez-demain#breadcrumb"},"inLanguage":"fr-FR","potentialAction":[{"@type":"ReadAction","target":["https:\/\/foundationmetaverse.eu\/fr\/shift-maintenant-formez-demain"]}]},{"@type":"ImageObject","inLanguage":"fr-FR","@id":"https:\/\/foundationmetaverse.eu\/fr\/shift-maintenant-formez-demain#primaryimage","url":"https:\/\/foundationmetaverse.eu\/wp-content\/uploads\/2025\/04\/Shift-now-shape-tomorrow-1-1024x729.jpeg","contentUrl":"https:\/\/foundationmetaverse.eu\/wp-content\/uploads\/2025\/04\/Shift-now-shape-tomorrow-1-1024x729.jpeg"},{"@type":"BreadcrumbList","@id":"https:\/\/foundationmetaverse.eu\/fr\/shift-maintenant-formez-demain#breadcrumb","itemListElement":[{"@type":"ListItem","position":1,"name":"Startseite","item":"https:\/\/foundationmetaverse.eu\/fr"},{"@type":"ListItem","position":2,"name":"SHIFT maintenant, formez demain"}]},{"@type":"WebSite","@id":"https:\/\/foundationmetaverse.eu\/fr#website","url":"https:\/\/foundationmetaverse.eu\/fr","name":"Foundation Metaverse Europe","description":"We anchor European values in the mind and heart of the Metaverse.","publisher":{"@id":"https:\/\/foundationmetaverse.eu\/fr#organization"},"potentialAction":[{"@type":"SearchAction","target":{"@type":"EntryPoint","urlTemplate":"https:\/\/foundationmetaverse.eu\/fr?s={search_term_string}"},"query-input":{"@type":"PropertyValueSpecification","valueRequired":true,"valueName":"search_term_string"}}],"inLanguage":"fr-FR"},{"@type":"Organization","@id":"https:\/\/foundationmetaverse.eu\/fr#organization","name":"Foundation Metaverse Europe","url":"https:\/\/foundationmetaverse.eu\/fr","logo":{"@type":"ImageObject","inLanguage":"fr-FR","@id":"https:\/\/foundationmetaverse.eu\/fr#\/schema\/logo\/image\/","url":"https:\/\/foundationmetaverse.eu\/wp-content\/uploads\/2022\/04\/FME_Logo_AllBlack_Small.png","contentUrl":"https:\/\/foundationmetaverse.eu\/wp-content\/uploads\/2022\/04\/FME_Logo_AllBlack_Small.png","width":600,"height":262,"caption":"Foundation Metaverse Europe"},"image":{"@id":"https:\/\/foundationmetaverse.eu\/fr#\/schema\/logo\/image\/"},"sameAs":["https:\/\/www.linkedin.com\/company\/foundation-metaverse-europe\/"]}]}},"jetpack_sharing_enabled":true,"_links":{"self":[{"href":"https:\/\/foundationmetaverse.eu\/fr\/wp-json\/wp\/v2\/pages\/5974","targetHints":{"allow":["GET"]}}],"collection":[{"href":"https:\/\/foundationmetaverse.eu\/fr\/wp-json\/wp\/v2\/pages"}],"about":[{"href":"https:\/\/foundationmetaverse.eu\/fr\/wp-json\/wp\/v2\/types\/page"}],"author":[{"embeddable":true,"href":"https:\/\/foundationmetaverse.eu\/fr\/wp-json\/wp\/v2\/users\/3"}],"replies":[{"embeddable":true,"href":"https:\/\/foundationmetaverse.eu\/fr\/wp-json\/wp\/v2\/comments?post=5974"}],"version-history":[{"count":1,"href":"https:\/\/foundationmetaverse.eu\/fr\/wp-json\/wp\/v2\/pages\/5974\/revisions"}],"predecessor-version":[{"id":5982,"href":"https:\/\/foundationmetaverse.eu\/fr\/wp-json\/wp\/v2\/pages\/5974\/revisions\/5982"}],"wp:attachment":[{"href":"https:\/\/foundationmetaverse.eu\/fr\/wp-json\/wp\/v2\/media?parent=5974"}],"curies":[{"name":"wp","href":"https:\/\/api.w.org\/{rel}","templated":true}]}}