{"id":6056,"date":"2025-04-22T17:12:53","date_gmt":"2025-04-22T15:12:53","guid":{"rendered":"https:\/\/foundationmetaverse.eu\/le-changement-social-xr-ai-pour-limpact-humain"},"modified":"2025-04-22T17:12:53","modified_gmt":"2025-04-22T15:12:53","slug":"le-changement-social-xr-ai-pour-limpact-humain","status":"publish","type":"page","link":"https:\/\/foundationmetaverse.eu\/fr\/le-changement-social-xr-ai-pour-limpact-humain","title":{"rendered":"Le changement social : XR + AI pour l&rsquo;impact humain"},"content":{"rendered":"\n<div class=\"wp-block-media-text is-stacked-on-mobile\"><figure class=\"wp-block-media-text__media\"><img fetchpriority=\"high\" decoding=\"async\" width=\"1024\" height=\"729\" src=\"https:\/\/foundationmetaverse.eu\/wp-content\/uploads\/2025\/04\/Social-Shift-1024x729.jpeg\" alt=\"\" class=\"wp-image-6051 size-full\" srcset=\"https:\/\/foundationmetaverse.eu\/wp-content\/uploads\/2025\/04\/Social-Shift-1024x729.jpeg 1024w, https:\/\/foundationmetaverse.eu\/wp-content\/uploads\/2025\/04\/Social-Shift-300x214.jpeg 300w, https:\/\/foundationmetaverse.eu\/wp-content\/uploads\/2025\/04\/Social-Shift-768x547.jpeg 768w, https:\/\/foundationmetaverse.eu\/wp-content\/uploads\/2025\/04\/Social-Shift-1536x1093.jpeg 1536w, https:\/\/foundationmetaverse.eu\/wp-content\/uploads\/2025\/04\/Social-Shift-2048x1458.jpeg 2048w\" sizes=\"(max-width: 1024px) 100vw, 1024px\" \/><\/figure><div class=\"wp-block-media-text__content\">\n<h2 class=\"wp-block-heading\"><strong>L&rsquo;innovation num\u00e9rique pour les institutions sociales &#8211; avec responsabilit\u00e9, technologie et humanit\u00e9.<\/strong><\/h2>\n\n\n\n<p>En tant que programme de promotion et de d\u00e9veloppement, nous accompagnons des projets qui utilisent judicieusement les technologies IA et XR les plus modernes &#8211; pour optimiser les processus, soulager le personnel qualifi\u00e9 et renforcer les marges de man\u0153uvre. &#8211; Toujours au service des personnes. <\/p>\n<\/div><\/div>\n\n\n\n<div style=\"height:75px\" aria-hidden=\"true\" class=\"wp-block-spacer\"><\/div>\n\n\n\n<div class=\"wp-block-group has-background\" style=\"background-color:#2c95ff\"><div class=\"wp-block-group__inner-container is-layout-constrained wp-block-group-is-layout-constrained\">\n<div class=\"wp-block-columns is-layout-flex wp-container-core-columns-is-layout-1 wp-block-columns-is-layout-flex\">\n<div class=\"wp-block-column is-layout-flow wp-block-column-is-layout-flow\">\n<p class=\"has-white-color has-text-color has-link-color wp-elements-f88e66c24f57bbbb01fb397d09b0fbb6\"><strong>Une IA qui soulage &#8211; pas qui remplace<\/strong><\/p>\n\n\n\n<p class=\"has-white-color has-text-color has-link-color wp-elements-1775fc5200d479c8b80b0dc069cc4c3a\">Gr\u00e2ce \u00e0 l&rsquo;utilisation cibl\u00e9e de l&rsquo;intelligence artificielle, nous aidons les institutions sociales \u00e0 optimiser les processus de travail, \u00e0 all\u00e9ger les t\u00e2ches administratives et \u00e0 renforcer la qualit\u00e9 professionnelle.  <strong>Cela laisse plus de place \u00e0 l&rsquo;essentiel : les relations interpersonnelles et les soins individuels.<\/strong><br><br><\/p>\n<\/div>\n\n\n\n<div class=\"wp-block-column is-layout-flow wp-block-column-is-layout-flow\">\n<p class=\"has-text-align-right has-white-color has-text-color has-link-color wp-elements-9992a0746d4363058d9e456f006687be\">La formation continue repens\u00e9e &#8211; XR rencontre l&rsquo;IA<\/p>\n\n\n\n<p class=\"has-white-color has-text-color has-link-color wp-elements-f81fce0c002e09bd6554f5c6824b7f18\">En compl\u00e9ment, nous int\u00e9grons <strong>des solutions de formation bas\u00e9es sur XR<\/strong>, qui s&rsquo;appuient sur notre infrastructure d&rsquo;intelligence artificielle. Cette formation immersive renforce les nouveaux collaborateurs comme les plus exp\u00e9riment\u00e9s &#8211; elle est pratique, flexible et directement utilisable dans le quotidien professionnel. <\/p>\n\n\n\n<p class=\"has-white-color has-text-color has-link-color wp-elements-1f4eca308976e9160025f7858a58636b\"><strong>L&rsquo;\u00e9thique \u00e0 la rencontre de la technologie<\/strong><\/p>\n\n\n\n<p class=\"has-white-color has-text-color has-link-color wp-elements-1aa0adab764aca7488d8fe4d4894c710\">Le progr\u00e8s technologique a besoin de valeurs claires. C&rsquo;est pourquoi &nbsp;<em>The Social Shift<\/em> de mani\u00e8re coh\u00e9rente sur&nbsp;<strong>Protection des donn\u00e9es<\/strong>,&nbsp;<strong>la s\u00e9curit\u00e9 de l&rsquo;identit\u00e9 num\u00e9rique<\/strong>,&nbsp;<strong>la s\u00e9curit\u00e9 juridique<\/strong> et&nbsp;<strong>la souverainet\u00e9 durable de l&rsquo;entreprise<\/strong>. Nos solutions prot\u00e8gent \u00e0 la fois les employ\u00e9s et les clients* &#8211; de mani\u00e8re transparente, compr\u00e9hensible et \u00e9quitable. <\/p>\n<\/div>\n<\/div>\n<\/div><\/div>\n\n\n\n<div style=\"height:47px\" aria-hidden=\"true\" class=\"wp-block-spacer\"><\/div>\n\n\n\n<h2 class=\"wp-block-heading has-large-font-size\">Notre approche du projet :<br>ouvert, puissant, pens\u00e9 en commun<\/h2>\n\n\n\n<p style=\"font-size:17px\">Nous concevons des projets qui ont un impact &#8211; avec un cadre clair, des m\u00e9thodes pratiques et toutes les perspectives pertinentes \u00e0 bord : la direction, l&rsquo;informatique, les RH et les m\u00e9tiers travaillent ensemble pour trouver des solutions viables.<\/p>\n\n\n\n<p>Notre accompagnement de projet apporte une structure aux projets complexes, met en \u00e9vidence les points de friction et favorise les d\u00e9cisions d&rsquo;\u00e9gal \u00e0 \u00e9gal.<\/p>\n\n\n\n<p>\ud83d\udd39 <strong>Nous d\u00e9finissons ensemble des objectifs de projet clairs et des potentiels de cr\u00e9ation de valeur.<\/strong><br>\ud83d\udd39 <strong>Nous classons par ordre de priorit\u00e9 les options technologiques avec un horizon de mise en \u0153uvre r\u00e9aliste.<\/strong><br>\ud83d\udd39 <strong>Nous d\u00e9veloppons des cas d&rsquo;utilisation concrets &#8211; fond\u00e9s et strat\u00e9giquement coh\u00e9rents<\/strong><\/p>\n\n\n\n<p style=\"font-size:17px\">Qu&rsquo;il s&rsquo;agisse <strong>d&rsquo;intelligence artificielle pour all\u00e9ger les processus<\/strong> ou <strong>de XR pour renforcer la pr\u00e9sence, l&rsquo;apprentissage et la collaboration<\/strong>, nous aidons \u00e0 classer les technologies de mani\u00e8re pertinente, \u00e0 identifier leur valeur ajout\u00e9e &#8211; et \u00e0 les <strong>rendre efficaces dans le bon contexte.<\/strong><\/p>\n\n\n\n<div style=\"height:71px\" aria-hidden=\"true\" class=\"wp-block-spacer\"><\/div>\n\n\n\n<div class=\"wp-block-group has-white-color has-text-color has-background has-link-color wp-elements-4d84c9821860f66139c4c40152f57ddc\" style=\"background-color:#2c95ff\"><div class=\"wp-block-group__inner-container is-layout-constrained wp-block-group-is-layout-constrained\">\n<p class=\"has-white-color has-text-color has-background has-link-color has-medium-font-size wp-elements-16f88de7f82193d7bb8cbf56bf0c9775\" style=\"background-color:#2c95ff\"><strong>The Social Shift<\/strong> r\u00e9concilie l&rsquo;humanit\u00e9 et la technologie.<br>Pour un avenir social con\u00e7u de mani\u00e8re intelligente, s\u00fbre et durable.<\/p>\n\n\n\n<p><strong>Vous souhaitez participer ? Contactez-nous. <\/strong><\/p>\n\n\n\n<div class=\"wp-block-group has-white-color has-text-color has-background has-link-color wp-elements-f0e970db86149c3f9f8e3be156b7254d\" style=\"background-color:#2c95ff\"><div class=\"wp-block-group__inner-container is-layout-constrained wp-block-group-is-layout-constrained\">\n<!-- CentralStationCRM form \/\/ start -->\n<div id=\"cscrm_wf_7813b176-7f47-48da-9cb9-4a9c9d459d4f\" class=\"cscrm_webform_container\"><\/div><script src=\"https:\/\/external.centralstationcrm.net\/external\/web_forms\/7813b176-7f47-48da-9cb9-4a9c9d459d4f.js\" type=\"text\/javascript\"><\/script>\n<!-- CentralStationCRM form \/\/ end -->\n<\/div><\/div>\n<\/div><\/div>\n\n\n\n<div style=\"height:71px\" aria-hidden=\"true\" class=\"wp-block-spacer\"><\/div>\n\n\n\n<h2 class=\"wp-block-heading has-large-font-size\"><strong>Des conseils qui font mouche &#8211; <\/strong><br><strong>Des connaissances qui font le tour du monde<\/strong><\/h2>\n\n\n\n<p>Nos formats de conseil strat\u00e9gique r\u00e9pondent \u00e0 une exigence claire : l&rsquo;impact ne se d\u00e9ploie pleinement que lorsque les connaissances sont partag\u00e9es et que la r\u00e9flexion se poursuit.<br>C&rsquo;est pourquoi nous documentons et r\u00e9fl\u00e9chissons aux principaux enseignements tir\u00e9s de nos conseils &#8211; et rendons accessibles \u00e0 d&rsquo;autres des id\u00e9es s\u00e9lectionn\u00e9es sous forme de <strong>livres blancs, de formats d&rsquo;impulsion ou de contenus d&rsquo;apprentissage num\u00e9riques<\/strong>.<\/p>\n\n\n\n<p style=\"font-size:17px\">Il en r\u00e9sulte un pool de connaissances en pleine expansion, dont l&rsquo;impact d\u00e9passe le cadre de l&rsquo;organisation individuelle &#8211; et qui contribue au renforcement d&rsquo;une <strong>culture de gestion orient\u00e9e vers l&rsquo;int\u00e9r\u00eat g\u00e9n\u00e9ral, comp\u00e9tente en mati\u00e8re de technologie et consciente de ses responsabilit\u00e9s<\/strong>.<\/p>\n","protected":false},"excerpt":{"rendered":"<p>L&rsquo;innovation num\u00e9rique pour les institutions sociales &#8211; avec responsabilit\u00e9, technologie et humanit\u00e9. En tant que programme de promotion et de d\u00e9veloppement, nous accompagnons des projets qui utilisent judicieusement les technologies IA et XR les plus modernes &#8211; pour optimiser les processus, soulager le personnel qualifi\u00e9 et renforcer les marges de man\u0153uvre. &#8211; Toujours au service des personnes. Une IA qui [&hellip;]<\/p>\n","protected":false},"author":3,"featured_media":0,"parent":0,"menu_order":0,"comment_status":"closed","ping_status":"closed","template":"","meta":{"_acf_changed":false,"_eb_attr":"","_EventAllDay":false,"_EventTimezone":"","_EventStartDate":"","_EventEndDate":"","_EventStartDateUTC":"","_EventEndDateUTC":"","_EventShowMap":false,"_EventShowMapLink":false,"_EventURL":"","_EventCost":"","_EventCostDescription":"","_EventCurrencySymbol":"","_EventCurrencyCode":"","_EventCurrencyPosition":"","_EventDateTimeSeparator":"","_EventTimeRangeSeparator":"","_EventOrganizerID":[],"_EventVenueID":[],"_OrganizerEmail":"","_OrganizerPhone":"","_OrganizerWebsite":"","_VenueAddress":"","_VenueCity":"","_VenueCountry":"","_VenueProvince":"","_VenueState":"","_VenueZip":"","_VenuePhone":"","_VenueURL":"","_VenueStateProvince":"","_VenueLat":"","_VenueLng":"","_VenueShowMap":false,"_VenueShowMapLink":false,"footnotes":""},"class_list":["post-6056","page","type-page","status-publish","hentry"],"acf":[],"yoast_head":"<!-- This site is optimized with the Yoast SEO plugin v26.8 - https:\/\/yoast.com\/product\/yoast-seo-wordpress\/ -->\n<title>Le changement social : XR + AI pour l&#039;impact humain - Foundation Metaverse Europe<\/title>\n<meta name=\"robots\" content=\"index, follow, max-snippet:-1, max-image-preview:large, max-video-preview:-1\" \/>\n<link rel=\"canonical\" href=\"https:\/\/foundationmetaverse.eu\/fr\/le-changement-social-xr-ai-pour-limpact-humain\" \/>\n<meta property=\"og:locale\" content=\"fr_FR\" \/>\n<meta property=\"og:type\" content=\"article\" \/>\n<meta property=\"og:title\" content=\"Le changement social : XR + AI pour l&#039;impact humain - Foundation Metaverse Europe\" \/>\n<meta property=\"og:description\" content=\"L&rsquo;innovation num\u00e9rique pour les institutions sociales &#8211; avec responsabilit\u00e9, technologie et humanit\u00e9. En tant que programme de promotion et de d\u00e9veloppement, nous accompagnons des projets qui utilisent judicieusement les technologies IA et XR les plus modernes &#8211; pour optimiser les processus, soulager le personnel qualifi\u00e9 et renforcer les marges de man\u0153uvre. &#8211; Toujours au service des personnes. Une IA qui [&hellip;]\" \/>\n<meta property=\"og:url\" content=\"https:\/\/foundationmetaverse.eu\/fr\/le-changement-social-xr-ai-pour-limpact-humain\" \/>\n<meta property=\"og:site_name\" content=\"Foundation Metaverse Europe\" \/>\n<meta property=\"og:image\" content=\"https:\/\/foundationmetaverse.eu\/wp-content\/uploads\/2025\/04\/Social-Shift-scaled.jpeg\" \/>\n\t<meta property=\"og:image:width\" content=\"2560\" \/>\n\t<meta property=\"og:image:height\" content=\"1822\" \/>\n\t<meta property=\"og:image:type\" content=\"image\/jpeg\" \/>\n<meta name=\"twitter:card\" content=\"summary_large_image\" \/>\n<meta name=\"twitter:label1\" content=\"Dur\u00e9e de lecture estim\u00e9e\" \/>\n\t<meta name=\"twitter:data1\" content=\"3 minutes\" \/>\n<script type=\"application\/ld+json\" class=\"yoast-schema-graph\">{\"@context\":\"https:\/\/schema.org\",\"@graph\":[{\"@type\":\"WebPage\",\"@id\":\"https:\/\/foundationmetaverse.eu\/fr\/le-changement-social-xr-ai-pour-limpact-humain\",\"url\":\"https:\/\/foundationmetaverse.eu\/fr\/le-changement-social-xr-ai-pour-limpact-humain\",\"name\":\"Le changement social : XR + AI pour l'impact humain - Foundation Metaverse Europe\",\"isPartOf\":{\"@id\":\"https:\/\/foundationmetaverse.eu\/fr#website\"},\"primaryImageOfPage\":{\"@id\":\"https:\/\/foundationmetaverse.eu\/fr\/le-changement-social-xr-ai-pour-limpact-humain#primaryimage\"},\"image\":{\"@id\":\"https:\/\/foundationmetaverse.eu\/fr\/le-changement-social-xr-ai-pour-limpact-humain#primaryimage\"},\"thumbnailUrl\":\"https:\/\/foundationmetaverse.eu\/wp-content\/uploads\/2025\/04\/Social-Shift-1024x729.jpeg\",\"datePublished\":\"2025-04-22T15:12:53+00:00\",\"breadcrumb\":{\"@id\":\"https:\/\/foundationmetaverse.eu\/fr\/le-changement-social-xr-ai-pour-limpact-humain#breadcrumb\"},\"inLanguage\":\"fr-FR\",\"potentialAction\":[{\"@type\":\"ReadAction\",\"target\":[\"https:\/\/foundationmetaverse.eu\/fr\/le-changement-social-xr-ai-pour-limpact-humain\"]}]},{\"@type\":\"ImageObject\",\"inLanguage\":\"fr-FR\",\"@id\":\"https:\/\/foundationmetaverse.eu\/fr\/le-changement-social-xr-ai-pour-limpact-humain#primaryimage\",\"url\":\"https:\/\/foundationmetaverse.eu\/wp-content\/uploads\/2025\/04\/Social-Shift-1024x729.jpeg\",\"contentUrl\":\"https:\/\/foundationmetaverse.eu\/wp-content\/uploads\/2025\/04\/Social-Shift-1024x729.jpeg\"},{\"@type\":\"BreadcrumbList\",\"@id\":\"https:\/\/foundationmetaverse.eu\/fr\/le-changement-social-xr-ai-pour-limpact-humain#breadcrumb\",\"itemListElement\":[{\"@type\":\"ListItem\",\"position\":1,\"name\":\"Startseite\",\"item\":\"https:\/\/foundationmetaverse.eu\/fr\"},{\"@type\":\"ListItem\",\"position\":2,\"name\":\"Le changement social : XR + AI pour l&#8217;impact humain\"}]},{\"@type\":\"WebSite\",\"@id\":\"https:\/\/foundationmetaverse.eu\/fr#website\",\"url\":\"https:\/\/foundationmetaverse.eu\/fr\",\"name\":\"Foundation Metaverse Europe\",\"description\":\"We anchor European values in the mind and heart of the Metaverse.\",\"publisher\":{\"@id\":\"https:\/\/foundationmetaverse.eu\/fr#organization\"},\"potentialAction\":[{\"@type\":\"SearchAction\",\"target\":{\"@type\":\"EntryPoint\",\"urlTemplate\":\"https:\/\/foundationmetaverse.eu\/fr?s={search_term_string}\"},\"query-input\":{\"@type\":\"PropertyValueSpecification\",\"valueRequired\":true,\"valueName\":\"search_term_string\"}}],\"inLanguage\":\"fr-FR\"},{\"@type\":\"Organization\",\"@id\":\"https:\/\/foundationmetaverse.eu\/fr#organization\",\"name\":\"Foundation Metaverse Europe\",\"url\":\"https:\/\/foundationmetaverse.eu\/fr\",\"logo\":{\"@type\":\"ImageObject\",\"inLanguage\":\"fr-FR\",\"@id\":\"https:\/\/foundationmetaverse.eu\/fr#\/schema\/logo\/image\/\",\"url\":\"https:\/\/foundationmetaverse.eu\/wp-content\/uploads\/2022\/04\/FME_Logo_AllBlack_Small.png\",\"contentUrl\":\"https:\/\/foundationmetaverse.eu\/wp-content\/uploads\/2022\/04\/FME_Logo_AllBlack_Small.png\",\"width\":600,\"height\":262,\"caption\":\"Foundation Metaverse Europe\"},\"image\":{\"@id\":\"https:\/\/foundationmetaverse.eu\/fr#\/schema\/logo\/image\/\"},\"sameAs\":[\"https:\/\/www.linkedin.com\/company\/foundation-metaverse-europe\/\"]}]}<\/script>\n<!-- \/ Yoast SEO plugin. -->","yoast_head_json":{"title":"Le changement social : XR + AI pour l'impact humain - Foundation Metaverse Europe","robots":{"index":"index","follow":"follow","max-snippet":"max-snippet:-1","max-image-preview":"max-image-preview:large","max-video-preview":"max-video-preview:-1"},"canonical":"https:\/\/foundationmetaverse.eu\/fr\/le-changement-social-xr-ai-pour-limpact-humain","og_locale":"fr_FR","og_type":"article","og_title":"Le changement social : XR + AI pour l'impact humain - Foundation Metaverse Europe","og_description":"L&rsquo;innovation num\u00e9rique pour les institutions sociales &#8211; avec responsabilit\u00e9, technologie et humanit\u00e9. En tant que programme de promotion et de d\u00e9veloppement, nous accompagnons des projets qui utilisent judicieusement les technologies IA et XR les plus modernes &#8211; pour optimiser les processus, soulager le personnel qualifi\u00e9 et renforcer les marges de man\u0153uvre. &#8211; Toujours au service des personnes. Une IA qui [&hellip;]","og_url":"https:\/\/foundationmetaverse.eu\/fr\/le-changement-social-xr-ai-pour-limpact-humain","og_site_name":"Foundation Metaverse Europe","og_image":[{"width":2560,"height":1822,"url":"https:\/\/foundationmetaverse.eu\/wp-content\/uploads\/2025\/04\/Social-Shift-scaled.jpeg","type":"image\/jpeg"}],"twitter_card":"summary_large_image","twitter_misc":{"Dur\u00e9e de lecture estim\u00e9e":"3 minutes"},"schema":{"@context":"https:\/\/schema.org","@graph":[{"@type":"WebPage","@id":"https:\/\/foundationmetaverse.eu\/fr\/le-changement-social-xr-ai-pour-limpact-humain","url":"https:\/\/foundationmetaverse.eu\/fr\/le-changement-social-xr-ai-pour-limpact-humain","name":"Le changement social : XR + AI pour l'impact humain - Foundation Metaverse Europe","isPartOf":{"@id":"https:\/\/foundationmetaverse.eu\/fr#website"},"primaryImageOfPage":{"@id":"https:\/\/foundationmetaverse.eu\/fr\/le-changement-social-xr-ai-pour-limpact-humain#primaryimage"},"image":{"@id":"https:\/\/foundationmetaverse.eu\/fr\/le-changement-social-xr-ai-pour-limpact-humain#primaryimage"},"thumbnailUrl":"https:\/\/foundationmetaverse.eu\/wp-content\/uploads\/2025\/04\/Social-Shift-1024x729.jpeg","datePublished":"2025-04-22T15:12:53+00:00","breadcrumb":{"@id":"https:\/\/foundationmetaverse.eu\/fr\/le-changement-social-xr-ai-pour-limpact-humain#breadcrumb"},"inLanguage":"fr-FR","potentialAction":[{"@type":"ReadAction","target":["https:\/\/foundationmetaverse.eu\/fr\/le-changement-social-xr-ai-pour-limpact-humain"]}]},{"@type":"ImageObject","inLanguage":"fr-FR","@id":"https:\/\/foundationmetaverse.eu\/fr\/le-changement-social-xr-ai-pour-limpact-humain#primaryimage","url":"https:\/\/foundationmetaverse.eu\/wp-content\/uploads\/2025\/04\/Social-Shift-1024x729.jpeg","contentUrl":"https:\/\/foundationmetaverse.eu\/wp-content\/uploads\/2025\/04\/Social-Shift-1024x729.jpeg"},{"@type":"BreadcrumbList","@id":"https:\/\/foundationmetaverse.eu\/fr\/le-changement-social-xr-ai-pour-limpact-humain#breadcrumb","itemListElement":[{"@type":"ListItem","position":1,"name":"Startseite","item":"https:\/\/foundationmetaverse.eu\/fr"},{"@type":"ListItem","position":2,"name":"Le changement social : XR + AI pour l&#8217;impact humain"}]},{"@type":"WebSite","@id":"https:\/\/foundationmetaverse.eu\/fr#website","url":"https:\/\/foundationmetaverse.eu\/fr","name":"Foundation Metaverse Europe","description":"We anchor European values in the mind and heart of the Metaverse.","publisher":{"@id":"https:\/\/foundationmetaverse.eu\/fr#organization"},"potentialAction":[{"@type":"SearchAction","target":{"@type":"EntryPoint","urlTemplate":"https:\/\/foundationmetaverse.eu\/fr?s={search_term_string}"},"query-input":{"@type":"PropertyValueSpecification","valueRequired":true,"valueName":"search_term_string"}}],"inLanguage":"fr-FR"},{"@type":"Organization","@id":"https:\/\/foundationmetaverse.eu\/fr#organization","name":"Foundation Metaverse Europe","url":"https:\/\/foundationmetaverse.eu\/fr","logo":{"@type":"ImageObject","inLanguage":"fr-FR","@id":"https:\/\/foundationmetaverse.eu\/fr#\/schema\/logo\/image\/","url":"https:\/\/foundationmetaverse.eu\/wp-content\/uploads\/2022\/04\/FME_Logo_AllBlack_Small.png","contentUrl":"https:\/\/foundationmetaverse.eu\/wp-content\/uploads\/2022\/04\/FME_Logo_AllBlack_Small.png","width":600,"height":262,"caption":"Foundation Metaverse Europe"},"image":{"@id":"https:\/\/foundationmetaverse.eu\/fr#\/schema\/logo\/image\/"},"sameAs":["https:\/\/www.linkedin.com\/company\/foundation-metaverse-europe\/"]}]}},"jetpack_sharing_enabled":true,"_links":{"self":[{"href":"https:\/\/foundationmetaverse.eu\/fr\/wp-json\/wp\/v2\/pages\/6056","targetHints":{"allow":["GET"]}}],"collection":[{"href":"https:\/\/foundationmetaverse.eu\/fr\/wp-json\/wp\/v2\/pages"}],"about":[{"href":"https:\/\/foundationmetaverse.eu\/fr\/wp-json\/wp\/v2\/types\/page"}],"author":[{"embeddable":true,"href":"https:\/\/foundationmetaverse.eu\/fr\/wp-json\/wp\/v2\/users\/3"}],"replies":[{"embeddable":true,"href":"https:\/\/foundationmetaverse.eu\/fr\/wp-json\/wp\/v2\/comments?post=6056"}],"version-history":[{"count":0,"href":"https:\/\/foundationmetaverse.eu\/fr\/wp-json\/wp\/v2\/pages\/6056\/revisions"}],"wp:attachment":[{"href":"https:\/\/foundationmetaverse.eu\/fr\/wp-json\/wp\/v2\/media?parent=6056"}],"curies":[{"name":"wp","href":"https:\/\/api.w.org\/{rel}","templated":true}]}}