{"id":707,"date":"2022-03-05T20:25:17","date_gmt":"2022-03-05T19:25:17","guid":{"rendered":"https:\/\/foundationmetaverse.eu\/missions-centrales-de-la-fondation"},"modified":"2025-04-29T16:12:31","modified_gmt":"2025-04-29T14:12:31","slug":"missions-centrales-de-la-fondation","status":"publish","type":"page","link":"https:\/\/foundationmetaverse.eu\/fr\/missions-centrales-de-la-fondation","title":{"rendered":"Notre engagement au niveau europ\u00e9en"},"content":{"rendered":"\n<p>Afin de participer activement aux changements sociaux, \u00e9conomiques et politiques \u00e0 l&rsquo;\u00e8re du num\u00e9rique, nous avons des bureaux de liaison \u00e0 Potsdam et \u00e0 Bruxelles. Nos bureaux servent de plateformes d&rsquo;\u00e9change, de coop\u00e9ration et d&rsquo;impact : nous construisons des r\u00e9seaux cibl\u00e9s avec des acteurs pertinents du monde politique, \u00e9conomique, \u00e9ducatif et de la soci\u00e9t\u00e9 civile. <\/p>\n\n<p><strong>L&rsquo;objectif de notre travail est de d\u00e9velopper des recommandations d&rsquo;action et des orientations fond\u00e9es qui auront un impact non seulement sur la politique europ\u00e9enne, mais aussi sur la soci\u00e9t\u00e9, l&rsquo;\u00e9conomie et l&rsquo;\u00e9ducation.  <\/strong>Nous mettons d\u00e9lib\u00e9r\u00e9ment les r\u00e9sultats de nos projets et initiatives \u00e0 la disposition du grand public, afin que le plus grand nombre possible de personnes, d&rsquo;organisations et d&rsquo;\u00e9tablissements d&rsquo;enseignement puissent profiter des nouvelles connaissances, des meilleures pratiques et des d\u00e9veloppements d&rsquo;avenir.<\/p>\n\n<ol class=\"wp-block-list\">\n<li><strong>Pr\u00e9server et d\u00e9velopper les valeurs europ\u00e9ennes dans le m\u00e9tavers et l&rsquo;intelligence artificielle :<\/strong> L&rsquo;\u00e9quit\u00e9, la diversit\u00e9, la transparence, l&rsquo;\u00e9galit\u00e9, la libert\u00e9, la solidarit\u00e9 et la d\u00e9mocratie sont les piliers de notre communaut\u00e9. Nous voulons transposer activement ces valeurs dans le Metaverse et dans la r\u00e9alit\u00e9 num\u00e9rique, les adapter aux nouveaux d\u00e9veloppements sociaux et technologiques et continuer \u00e0 les ancrer en tant que r\u00e9f\u00e9rences contraignantes. <br\/><br\/><\/li>\n<\/ol>\n\n<ol start=\"2\" class=\"wp-block-list\">\n<li><strong>Identifier les \u00e9volutions disruptives, saisir les opportunit\u00e9s et assurer la stabilit\u00e9 sociale :<\/strong> Gr\u00e2ce \u00e0 des initiatives telles que <strong><a href=\"https:\/\/foundationmetaverse.eu\/fr\/shift-maintenant-formez-demain\">SHIFT NOW &#8211; SHAPE TOMORROW<\/a><\/strong> et la <strong><a href=\"https:\/\/foundationmetaverse.eu\/fr\/le-changement-social-xr-ai-pour-limpact-humain\">Social Shift XR &amp; AI for Human Impact<\/a><\/strong> nous encourageons l&rsquo;identification pr\u00e9coce des ruptures technologiques, aidons la soci\u00e9t\u00e9 \u00e0 saisir les opportunit\u00e9s qui en d\u00e9coulent et combattons les risques tels que la fracture sociale. Notre objectif est de garantir la qualit\u00e9 de vie, la souverainet\u00e9, la transparence et la clart\u00e9 juridique dans l&rsquo;espace num\u00e9rique. <br\/><br\/><\/li>\n\n\n\n<li><strong>Renforcer l&rsquo;\u00e9ducation, la sensibilisation et les projets europ\u00e9ens :<\/strong> Avec des projets tels que l <strong><a href=\"https:\/\/foundationmetaverse.eu\/fr\/notre-initiative-metaverse-sur-leducation-promouvoir-la-competence-numerique-renforcer-les-soft-skills-pour-une-generation-davenir-en-europe\">Initiative de m\u00e9tadonn\u00e9es \u00e9ducatives<\/a><\/strong> et les <a href=\"https:\/\/foundationmetaverse.eu\/fr\/aim-ethix-impact-field-trips\"><strong>Impact Field Trips<\/strong> <\/a>nous soutenons activement des projets d&rsquo;\u00e9ducation et d&rsquo;innovation en Europe. Nous informons les entreprises, les d\u00e9cideurs politiques et la soci\u00e9t\u00e9 sur les vastes implications des technologies immersives et nous nous engageons pour une opinion publique europ\u00e9enne inform\u00e9e et autod\u00e9termin\u00e9e. <br\/><br\/><\/li>\n\n\n\n<li><strong>Garantir les libert\u00e9s fondamentales dans l&rsquo;espace num\u00e9rique :<\/strong> Avec l&rsquo;initiative <strong><a href=\"https:\/\/foundationmetaverse.eu\/fr\/aim-ethix\">AIMEthix<\/a><\/strong> nous encourageons un large d\u00e9bat social sur les droits fondamentaux dans le contexte du m\u00e9tavers et de l&rsquo;IA. Nous cr\u00e9ons des bases qui prot\u00e8gent l&rsquo;Europe d&rsquo;une domination par des valeurs et des technologies non europ\u00e9ennes. Pour cela, il faut maintenant des partenariats solides et une fondation engag\u00e9e &#8211; car l&rsquo;avenir est d\u00e9j\u00e0 une r\u00e9alit\u00e9.  <\/li>\n<\/ol>\n\n<p><\/p>\n\n<h3 class=\"wp-block-heading\"><strong>Soutenez notre mission pour une Europe num\u00e9rique fond\u00e9e sur des valeurs !<\/strong><\/h3>\n\n<p>Notre travail \u00e0 l&rsquo;intersection de la soci\u00e9t\u00e9, de l&rsquo;\u00e9ducation, de l&rsquo;\u00e9conomie et de la politique jette les bases d&rsquo;un avenir num\u00e9rique en accord avec les valeurs de l&rsquo;Europe : \u00e9quit\u00e9, diversit\u00e9, transparence, \u00e9galit\u00e9, libert\u00e9, solidarit\u00e9 et d\u00e9mocratie.<\/p>\n\n<p>Gr\u00e2ce \u00e0 nos initiatives &#8211; des programmes \u00e9ducatifs aux projets d&rsquo;innovation en passant par les recommandations d&rsquo;action europ\u00e9ennes &#8211; nous rendons les r\u00e9sultats publics afin que la soci\u00e9t\u00e9, l&rsquo;\u00e9conomie et l&rsquo;\u00e9ducation puissent en profiter de la m\u00eame mani\u00e8re. Nous voulons nous assurer que les valeurs fondamentales europ\u00e9ennes sont pr\u00e9serv\u00e9es et d\u00e9velopp\u00e9es, y compris dans le Metaverse et l&rsquo;intelligence artificielle. <\/p>\n\n<p><strong>Pour cela, nous avons besoin de votre soutien !<\/strong><\/p>\n\n<p>Avec votre don, vous permettez<\/p>\n\n<ul class=\"wp-block-list\">\n<li>la mise en \u0153uvre de projets de recherche et d&rsquo;\u00e9ducation ind\u00e9pendants,<\/li>\n\n\n\n<li>le d\u00e9veloppement et la diffusion d&rsquo;orientations pratiques,<\/li>\n\n\n\n<li>la construction d&rsquo;un r\u00e9seau europ\u00e9en solide pour un avenir num\u00e9rique fond\u00e9 sur des valeurs.<\/li>\n<\/ul>\n\n<p><\/p>\n\n<p>Construisez avec nous la soci\u00e9t\u00e9 num\u00e9rique de demain &#8211; <strong>de mani\u00e8re \u00e9quitable, transparente et souveraine<\/strong>.<\/p>\n\n<p><strong><a href=\"https:\/\/foundationmetaverse.eu\/fr\/votre-soutien\">Faites un don maintenant et participez au changement<\/a>.<\/strong><\/p>\n\n<p><\/p>\n","protected":false},"excerpt":{"rendered":"<p>Afin de participer activement aux changements sociaux, \u00e9conomiques et politiques \u00e0 l&rsquo;\u00e8re du num\u00e9rique, nous avons des bureaux de liaison \u00e0 Potsdam et \u00e0 Bruxelles. Nos bureaux servent de plateformes d&rsquo;\u00e9change, de coop\u00e9ration et d&rsquo;impact : nous construisons des r\u00e9seaux cibl\u00e9s avec des acteurs pertinents du monde politique, \u00e9conomique, \u00e9ducatif et de la soci\u00e9t\u00e9 civile. L&rsquo;objectif de notre travail est [&hellip;]<\/p>\n","protected":false},"author":2,"featured_media":0,"parent":0,"menu_order":0,"comment_status":"closed","ping_status":"closed","template":"","meta":{"_acf_changed":false,"_eb_attr":"","_EventAllDay":false,"_EventTimezone":"","_EventStartDate":"","_EventEndDate":"","_EventStartDateUTC":"","_EventEndDateUTC":"","_EventShowMap":false,"_EventShowMapLink":false,"_EventURL":"","_EventCost":"","_EventCostDescription":"","_EventCurrencySymbol":"","_EventCurrencyCode":"","_EventCurrencyPosition":"","_EventDateTimeSeparator":"","_EventTimeRangeSeparator":"","_EventOrganizerID":[],"_EventVenueID":[],"_OrganizerEmail":"","_OrganizerPhone":"","_OrganizerWebsite":"","_VenueAddress":"","_VenueCity":"","_VenueCountry":"","_VenueProvince":"","_VenueState":"","_VenueZip":"","_VenuePhone":"","_VenueURL":"","_VenueStateProvince":"","_VenueLat":"","_VenueLng":"","_VenueShowMap":false,"_VenueShowMapLink":false,"footnotes":""},"class_list":["post-707","page","type-page","status-publish","hentry"],"acf":[],"yoast_head":"<!-- This site is optimized with the Yoast SEO plugin v26.8 - https:\/\/yoast.com\/product\/yoast-seo-wordpress\/ -->\n<title>Notre engagement au niveau europ\u00e9en - Foundation Metaverse Europe<\/title>\n<meta name=\"robots\" content=\"index, follow, max-snippet:-1, max-image-preview:large, max-video-preview:-1\" \/>\n<link rel=\"canonical\" href=\"https:\/\/foundationmetaverse.eu\/fr\/missions-centrales-de-la-fondation\" \/>\n<meta property=\"og:locale\" content=\"fr_FR\" \/>\n<meta property=\"og:type\" content=\"article\" \/>\n<meta property=\"og:title\" content=\"Notre engagement au niveau europ\u00e9en - Foundation Metaverse Europe\" \/>\n<meta property=\"og:description\" content=\"Afin de participer activement aux changements sociaux, \u00e9conomiques et politiques \u00e0 l&rsquo;\u00e8re du num\u00e9rique, nous avons des bureaux de liaison \u00e0 Potsdam et \u00e0 Bruxelles. Nos bureaux servent de plateformes d&rsquo;\u00e9change, de coop\u00e9ration et d&rsquo;impact : nous construisons des r\u00e9seaux cibl\u00e9s avec des acteurs pertinents du monde politique, \u00e9conomique, \u00e9ducatif et de la soci\u00e9t\u00e9 civile. L&rsquo;objectif de notre travail est [&hellip;]\" \/>\n<meta property=\"og:url\" content=\"https:\/\/foundationmetaverse.eu\/fr\/missions-centrales-de-la-fondation\" \/>\n<meta property=\"og:site_name\" content=\"Foundation Metaverse Europe\" \/>\n<meta property=\"article:modified_time\" content=\"2025-04-29T14:12:31+00:00\" \/>\n<meta name=\"twitter:card\" content=\"summary_large_image\" \/>\n<meta name=\"twitter:label1\" content=\"Dur\u00e9e de lecture estim\u00e9e\" \/>\n\t<meta name=\"twitter:data1\" content=\"3 minutes\" \/>\n<script type=\"application\/ld+json\" class=\"yoast-schema-graph\">{\"@context\":\"https:\/\/schema.org\",\"@graph\":[{\"@type\":\"WebPage\",\"@id\":\"https:\/\/foundationmetaverse.eu\/fr\/missions-centrales-de-la-fondation\",\"url\":\"https:\/\/foundationmetaverse.eu\/fr\/missions-centrales-de-la-fondation\",\"name\":\"Notre engagement au niveau europ\u00e9en - Foundation Metaverse Europe\",\"isPartOf\":{\"@id\":\"https:\/\/foundationmetaverse.eu\/fr#website\"},\"datePublished\":\"2022-03-05T19:25:17+00:00\",\"dateModified\":\"2025-04-29T14:12:31+00:00\",\"breadcrumb\":{\"@id\":\"https:\/\/foundationmetaverse.eu\/fr\/missions-centrales-de-la-fondation#breadcrumb\"},\"inLanguage\":\"fr-FR\",\"potentialAction\":[{\"@type\":\"ReadAction\",\"target\":[\"https:\/\/foundationmetaverse.eu\/fr\/missions-centrales-de-la-fondation\"]}]},{\"@type\":\"BreadcrumbList\",\"@id\":\"https:\/\/foundationmetaverse.eu\/fr\/missions-centrales-de-la-fondation#breadcrumb\",\"itemListElement\":[{\"@type\":\"ListItem\",\"position\":1,\"name\":\"Startseite\",\"item\":\"https:\/\/foundationmetaverse.eu\/fr\"},{\"@type\":\"ListItem\",\"position\":2,\"name\":\"Notre engagement au niveau europ\u00e9en\"}]},{\"@type\":\"WebSite\",\"@id\":\"https:\/\/foundationmetaverse.eu\/fr#website\",\"url\":\"https:\/\/foundationmetaverse.eu\/fr\",\"name\":\"Foundation Metaverse Europe\",\"description\":\"We anchor European values in the mind and heart of the Metaverse.\",\"publisher\":{\"@id\":\"https:\/\/foundationmetaverse.eu\/fr#organization\"},\"potentialAction\":[{\"@type\":\"SearchAction\",\"target\":{\"@type\":\"EntryPoint\",\"urlTemplate\":\"https:\/\/foundationmetaverse.eu\/fr?s={search_term_string}\"},\"query-input\":{\"@type\":\"PropertyValueSpecification\",\"valueRequired\":true,\"valueName\":\"search_term_string\"}}],\"inLanguage\":\"fr-FR\"},{\"@type\":\"Organization\",\"@id\":\"https:\/\/foundationmetaverse.eu\/fr#organization\",\"name\":\"Foundation Metaverse Europe\",\"url\":\"https:\/\/foundationmetaverse.eu\/fr\",\"logo\":{\"@type\":\"ImageObject\",\"inLanguage\":\"fr-FR\",\"@id\":\"https:\/\/foundationmetaverse.eu\/fr#\/schema\/logo\/image\/\",\"url\":\"https:\/\/foundationmetaverse.eu\/wp-content\/uploads\/2022\/04\/FME_Logo_AllBlack_Small.png\",\"contentUrl\":\"https:\/\/foundationmetaverse.eu\/wp-content\/uploads\/2022\/04\/FME_Logo_AllBlack_Small.png\",\"width\":600,\"height\":262,\"caption\":\"Foundation Metaverse Europe\"},\"image\":{\"@id\":\"https:\/\/foundationmetaverse.eu\/fr#\/schema\/logo\/image\/\"},\"sameAs\":[\"https:\/\/www.linkedin.com\/company\/foundation-metaverse-europe\/\"]}]}<\/script>\n<!-- \/ Yoast SEO plugin. -->","yoast_head_json":{"title":"Notre engagement au niveau europ\u00e9en - Foundation Metaverse Europe","robots":{"index":"index","follow":"follow","max-snippet":"max-snippet:-1","max-image-preview":"max-image-preview:large","max-video-preview":"max-video-preview:-1"},"canonical":"https:\/\/foundationmetaverse.eu\/fr\/missions-centrales-de-la-fondation","og_locale":"fr_FR","og_type":"article","og_title":"Notre engagement au niveau europ\u00e9en - Foundation Metaverse Europe","og_description":"Afin de participer activement aux changements sociaux, \u00e9conomiques et politiques \u00e0 l&rsquo;\u00e8re du num\u00e9rique, nous avons des bureaux de liaison \u00e0 Potsdam et \u00e0 Bruxelles. Nos bureaux servent de plateformes d&rsquo;\u00e9change, de coop\u00e9ration et d&rsquo;impact : nous construisons des r\u00e9seaux cibl\u00e9s avec des acteurs pertinents du monde politique, \u00e9conomique, \u00e9ducatif et de la soci\u00e9t\u00e9 civile. L&rsquo;objectif de notre travail est [&hellip;]","og_url":"https:\/\/foundationmetaverse.eu\/fr\/missions-centrales-de-la-fondation","og_site_name":"Foundation Metaverse Europe","article_modified_time":"2025-04-29T14:12:31+00:00","twitter_card":"summary_large_image","twitter_misc":{"Dur\u00e9e de lecture estim\u00e9e":"3 minutes"},"schema":{"@context":"https:\/\/schema.org","@graph":[{"@type":"WebPage","@id":"https:\/\/foundationmetaverse.eu\/fr\/missions-centrales-de-la-fondation","url":"https:\/\/foundationmetaverse.eu\/fr\/missions-centrales-de-la-fondation","name":"Notre engagement au niveau europ\u00e9en - Foundation Metaverse Europe","isPartOf":{"@id":"https:\/\/foundationmetaverse.eu\/fr#website"},"datePublished":"2022-03-05T19:25:17+00:00","dateModified":"2025-04-29T14:12:31+00:00","breadcrumb":{"@id":"https:\/\/foundationmetaverse.eu\/fr\/missions-centrales-de-la-fondation#breadcrumb"},"inLanguage":"fr-FR","potentialAction":[{"@type":"ReadAction","target":["https:\/\/foundationmetaverse.eu\/fr\/missions-centrales-de-la-fondation"]}]},{"@type":"BreadcrumbList","@id":"https:\/\/foundationmetaverse.eu\/fr\/missions-centrales-de-la-fondation#breadcrumb","itemListElement":[{"@type":"ListItem","position":1,"name":"Startseite","item":"https:\/\/foundationmetaverse.eu\/fr"},{"@type":"ListItem","position":2,"name":"Notre engagement au niveau europ\u00e9en"}]},{"@type":"WebSite","@id":"https:\/\/foundationmetaverse.eu\/fr#website","url":"https:\/\/foundationmetaverse.eu\/fr","name":"Foundation Metaverse Europe","description":"We anchor European values in the mind and heart of the Metaverse.","publisher":{"@id":"https:\/\/foundationmetaverse.eu\/fr#organization"},"potentialAction":[{"@type":"SearchAction","target":{"@type":"EntryPoint","urlTemplate":"https:\/\/foundationmetaverse.eu\/fr?s={search_term_string}"},"query-input":{"@type":"PropertyValueSpecification","valueRequired":true,"valueName":"search_term_string"}}],"inLanguage":"fr-FR"},{"@type":"Organization","@id":"https:\/\/foundationmetaverse.eu\/fr#organization","name":"Foundation Metaverse Europe","url":"https:\/\/foundationmetaverse.eu\/fr","logo":{"@type":"ImageObject","inLanguage":"fr-FR","@id":"https:\/\/foundationmetaverse.eu\/fr#\/schema\/logo\/image\/","url":"https:\/\/foundationmetaverse.eu\/wp-content\/uploads\/2022\/04\/FME_Logo_AllBlack_Small.png","contentUrl":"https:\/\/foundationmetaverse.eu\/wp-content\/uploads\/2022\/04\/FME_Logo_AllBlack_Small.png","width":600,"height":262,"caption":"Foundation Metaverse Europe"},"image":{"@id":"https:\/\/foundationmetaverse.eu\/fr#\/schema\/logo\/image\/"},"sameAs":["https:\/\/www.linkedin.com\/company\/foundation-metaverse-europe\/"]}]}},"jetpack_sharing_enabled":true,"_links":{"self":[{"href":"https:\/\/foundationmetaverse.eu\/fr\/wp-json\/wp\/v2\/pages\/707","targetHints":{"allow":["GET"]}}],"collection":[{"href":"https:\/\/foundationmetaverse.eu\/fr\/wp-json\/wp\/v2\/pages"}],"about":[{"href":"https:\/\/foundationmetaverse.eu\/fr\/wp-json\/wp\/v2\/types\/page"}],"author":[{"embeddable":true,"href":"https:\/\/foundationmetaverse.eu\/fr\/wp-json\/wp\/v2\/users\/2"}],"replies":[{"embeddable":true,"href":"https:\/\/foundationmetaverse.eu\/fr\/wp-json\/wp\/v2\/comments?post=707"}],"version-history":[{"count":7,"href":"https:\/\/foundationmetaverse.eu\/fr\/wp-json\/wp\/v2\/pages\/707\/revisions"}],"predecessor-version":[{"id":6181,"href":"https:\/\/foundationmetaverse.eu\/fr\/wp-json\/wp\/v2\/pages\/707\/revisions\/6181"}],"wp:attachment":[{"href":"https:\/\/foundationmetaverse.eu\/fr\/wp-json\/wp\/v2\/media?parent=707"}],"curies":[{"name":"wp","href":"https:\/\/api.w.org\/{rel}","templated":true}]}}